{"id":198,"date":"2024-06-17T17:09:19","date_gmt":"2024-06-17T17:09:19","guid":{"rendered":"https:\/\/visceral.pro\/?page_id=198"},"modified":"2026-01-20T22:19:44","modified_gmt":"2026-01-20T22:19:44","slug":"noticias","status":"publish","type":"page","link":"https:\/\/visceral.pro\/en\/noticias\/","title":{"rendered":"PRESS"},"content":{"rendered":"<div class=\"wp-block-group eplus-wrapper has-global-padding is-layout-constrained wp-block-group-is-layout-constrained\">\n<div class=\"wp-block-group eplus-wrapper is-layout-flow wp-block-group-is-layout-flow\"><div class=\"wp-block-columns eplus-wrapper is-layout-flex wp-container-core-columns-is-layout-28f84493 wp-block-columns-is-layout-flex eplus-styles-uid-7b2952\">\n<div class=\"is-style-default  wp-block-column eplus-wrapper is-layout-flow wp-block-column-is-layout-flow\" style=\"border-style:none;border-width:0px;padding-top:0;padding-right:0;padding-bottom:0;padding-left:0\">\n<figure class=\"wp-block-image size-full has-lightbox eplus-wrapper\"><a href=\"https:\/\/www.produ.com\/especiales\/content-americas-2026\/noticias\/visceral-cuando-la-etica-se-convierte-en-una-ventaja-competitiva-en-la-produccion-audiovisual\/\"><img loading=\"lazy\" decoding=\"async\" width=\"998\" height=\"561\" src=\"https:\/\/visceral.pro\/wp-content\/uploads\/2026\/01\/bigwp-JavierWilliamsYPabloCalassoDeVisceral-edited.jpg\" alt=\"\" class=\"wp-image-1202\" srcset=\"https:\/\/visceral.pro\/wp-content\/uploads\/2026\/01\/bigwp-JavierWilliamsYPabloCalassoDeVisceral-edited.jpg 998w, https:\/\/visceral.pro\/wp-content\/uploads\/2026\/01\/bigwp-JavierWilliamsYPabloCalassoDeVisceral-edited-300x169.jpg 300w\" sizes=\"auto, (max-width: 998px) 100vw, 998px\" \/><\/a><\/figure>\n\n\n<p style=\"font-size:10px\" class=\"eplus-wrapper eplus-styles-uid-eef697\">Enero 2026<\/p>\n\n\n<h3 class=\"wp-block-heading has-custom-lineheight eplus-wrapper\" style=\"line-height:1\">Visceral: cuando la \u00e9tica se convierte en una ventaja competitiva en la producci\u00f3n audiovisual<\/h3>\n\n\n\n<p style=\"font-size:11px\" class=\"eplus-wrapper\"><\/p>\n\n\n<p class=\"eplus-wrapper eplus-styles-uid-c556fd\"><a href=\"https:\/\/www.produ.com\/especiales\/content-americas-2026\/noticias\/visceral-cuando-la-etica-se-convierte-en-una-ventaja-competitiva-en-la-produccion-audiovisual\/\" data-type=\"link\" data-id=\"https:\/\/www.imagen.org\/2024\/07\/39th-annual-imagen-awards-nominees\/\" target=\"_blank\" rel=\"noreferrer noopener\">Read more \u2192<\/a><\/p><\/div>\n\n\n\n<div class=\"is-style-default  wp-block-column eplus-wrapper is-layout-flow wp-block-column-is-layout-flow\" style=\"border-style:none;border-width:0px;padding-top:0;padding-right:0;padding-bottom:0;padding-left:0\">\n<figure class=\"wp-block-image size-full eplus-wrapper\"><img loading=\"lazy\" decoding=\"async\" width=\"1920\" height=\"1080\" src=\"https:\/\/visceral.pro\/wp-content\/uploads\/2025\/09\/DeViajeConLosDerbezJapon_Horizontal_ORI_ONEVIX.jpg\" alt=\"\" class=\"wp-image-1103\" srcset=\"https:\/\/visceral.pro\/wp-content\/uploads\/2025\/09\/DeViajeConLosDerbezJapon_Horizontal_ORI_ONEVIX.jpg 1920w, https:\/\/visceral.pro\/wp-content\/uploads\/2025\/09\/DeViajeConLosDerbezJapon_Horizontal_ORI_ONEVIX-300x169.jpg 300w, https:\/\/visceral.pro\/wp-content\/uploads\/2025\/09\/DeViajeConLosDerbezJapon_Horizontal_ORI_ONEVIX-1024x576.jpg 1024w, https:\/\/visceral.pro\/wp-content\/uploads\/2025\/09\/DeViajeConLosDerbezJapon_Horizontal_ORI_ONEVIX-18x10.jpg 18w, https:\/\/visceral.pro\/wp-content\/uploads\/2025\/09\/DeViajeConLosDerbezJapon_Horizontal_ORI_ONEVIX-1536x864.jpg 1536w\" sizes=\"auto, (max-width: 1920px) 100vw, 1920px\" \/><\/figure>\n\n\n<p style=\"font-size:10px\" class=\"eplus-wrapper eplus-styles-uid-eef697\">Diciembre 2025<\/p>\n\n\n<h3 class=\"wp-block-heading has-custom-lineheight eplus-wrapper\" style=\"line-height:1\">De Viaje con Los Derbez Jap\u00f3n, nominada a un premio Rose d&#8217;Or Latino<\/h3>\n\n\n\n<p style=\"font-size:11px\" class=\"eplus-wrapper\"><\/p>\n\n\n<p class=\"eplus-wrapper eplus-styles-uid-c556fd\"><a href=\"https:\/\/rosedorlatinos.com\/2025\/12\/15\/los-rose-dor-latinos-anuncian-los-nominados-para-su-gala-final-que-tendra-lugar-en-miami-durante-content-americas-2\/\" data-type=\"link\" data-id=\"https:\/\/www.imagen.org\/2024\/07\/39th-annual-imagen-awards-nominees\/\" target=\"_blank\" rel=\"noreferrer noopener\">Read more \u2192<\/a><\/p><\/div>\n\n\n\n<div class=\"is-style-default  wp-block-column eplus-wrapper is-layout-flow wp-block-column-is-layout-flow\" style=\"border-style:none;border-width:0px;padding-top:0;padding-right:0;padding-bottom:0;padding-left:0\">\n<figure class=\"wp-block-image size-full eplus-wrapper\"><img loading=\"lazy\" decoding=\"async\" width=\"1920\" height=\"1080\" src=\"https:\/\/visceral.pro\/wp-content\/uploads\/2025\/09\/Artboard-3-1.jpg\" alt=\"\" class=\"wp-image-1116\" srcset=\"https:\/\/visceral.pro\/wp-content\/uploads\/2025\/09\/Artboard-3-1.jpg 1920w, https:\/\/visceral.pro\/wp-content\/uploads\/2025\/09\/Artboard-3-1-300x169.jpg 300w, https:\/\/visceral.pro\/wp-content\/uploads\/2025\/09\/Artboard-3-1-1024x576.jpg 1024w, https:\/\/visceral.pro\/wp-content\/uploads\/2025\/09\/Artboard-3-1-18x10.jpg 18w\" sizes=\"auto, (max-width: 1920px) 100vw, 1920px\" \/><\/figure>\n\n\n<p style=\"font-size:10px\" class=\"eplus-wrapper eplus-styles-uid-eef697\">Septiembre 2025<\/p>\n\n\n<h3 class=\"wp-block-heading has-custom-lineheight eplus-wrapper\" style=\"line-height:1\">Y Llegaron de Noche nominada al EMMY\u00ae Internacional 2025<\/h3>\n\n\n\n<p style=\"font-size:11px\" class=\"eplus-wrapper\"><\/p>\n\n\n<p class=\"eplus-wrapper eplus-styles-uid-c556fd\"><a href=\"https:\/\/www.iemmys.tv\/2025-international-emmy-awards-nominees-announced\/\" data-type=\"link\" data-id=\"https:\/\/www.imagen.org\/2024\/07\/39th-annual-imagen-awards-nominees\/\" target=\"_blank\" rel=\"noreferrer noopener\">Read more \u2192<\/a><\/p><\/div>\n<\/div>\n\n<div class=\"wp-block-columns eplus-wrapper is-layout-flex wp-container-core-columns-is-layout-28f84493 wp-block-columns-is-layout-flex eplus-styles-uid-9c68c5\">\n<div class=\"is-style-default  wp-block-column eplus-wrapper is-layout-flow wp-block-column-is-layout-flow\" style=\"border-style:none;border-width:0px;padding-top:0;padding-right:0;padding-bottom:0;padding-left:0\">\n<figure class=\"wp-block-image size-full eplus-wrapper\"><img loading=\"lazy\" decoding=\"async\" width=\"948\" height=\"533\" src=\"https:\/\/visceral.pro\/wp-content\/uploads\/2025\/10\/bigwp-CircoGomez3PasF3ViX-948x594-1-edited.jpg\" alt=\"\" class=\"wp-image-1136\" srcset=\"https:\/\/visceral.pro\/wp-content\/uploads\/2025\/10\/bigwp-CircoGomez3PasF3ViX-948x594-1-edited.jpg 948w, https:\/\/visceral.pro\/wp-content\/uploads\/2025\/10\/bigwp-CircoGomez3PasF3ViX-948x594-1-edited-300x169.jpg 300w, https:\/\/visceral.pro\/wp-content\/uploads\/2025\/10\/bigwp-CircoGomez3PasF3ViX-948x594-1-edited-18x10.jpg 18w\" sizes=\"auto, (max-width: 948px) 100vw, 948px\" \/><\/figure>\n\n\n<p style=\"font-size:10px\" class=\"eplus-wrapper eplus-styles-uid-eef697\">Septiembre 2025<\/p>\n\n\n<h3 class=\"wp-block-heading has-custom-lineheight eplus-wrapper\" style=\"line-height:1\"><em>Circo G\u00f3mez<\/em>\u00a0de 3Pas, F3Media y Visceral para ViX: La historia de una familia mexicana con un circo en decadencia<\/h3>\n\n\n\n<p style=\"font-size:11px\" class=\"eplus-wrapper\"><\/p>\n\n\n<p class=\"eplus-wrapper eplus-styles-uid-c556fd\"><a href=\"https:\/\/www.produ.com\/television\/noticias\/circo-gomez-de-3pas-f3media-y-visceral-para-vix-la-historia-de-una-familia-mexicana-con-un-circo-en-decadencia\/\" data-type=\"link\" data-id=\"https:\/\/www.imagen.org\/2024\/07\/39th-annual-imagen-awards-nominees\/\" target=\"_blank\" rel=\"noreferrer noopener\">Read more \u2192<\/a><\/p><\/div>\n\n\n\n<div class=\"is-style-default  wp-block-column eplus-wrapper is-layout-flow wp-block-column-is-layout-flow\" style=\"border-style:none;border-width:0px;padding-top:0;padding-right:0;padding-bottom:0;padding-left:0\">\n<figure class=\"wp-block-image size-full eplus-wrapper\"><img loading=\"lazy\" decoding=\"async\" width=\"2560\" height=\"1441\" src=\"https:\/\/visceral.pro\/wp-content\/uploads\/2025\/09\/KEY-ART-EDIT-HORI-scaled.jpg\" alt=\"\" class=\"wp-image-1100\" srcset=\"https:\/\/visceral.pro\/wp-content\/uploads\/2025\/09\/KEY-ART-EDIT-HORI-scaled.jpg 2560w, https:\/\/visceral.pro\/wp-content\/uploads\/2025\/09\/KEY-ART-EDIT-HORI-300x169.jpg 300w, https:\/\/visceral.pro\/wp-content\/uploads\/2025\/09\/KEY-ART-EDIT-HORI-1024x576.jpg 1024w, https:\/\/visceral.pro\/wp-content\/uploads\/2025\/09\/KEY-ART-EDIT-HORI-2000x1125.jpg 2000w, https:\/\/visceral.pro\/wp-content\/uploads\/2025\/09\/KEY-ART-EDIT-HORI-scaled-18x10.jpg 18w, https:\/\/visceral.pro\/wp-content\/uploads\/2025\/09\/KEY-ART-EDIT-HORI-scaled-1536x865.jpg 1536w, https:\/\/visceral.pro\/wp-content\/uploads\/2025\/09\/KEY-ART-EDIT-HORI-scaled-2048x1153.jpg 2048w\" sizes=\"auto, (max-width: 2560px) 100vw, 2560px\" \/><\/figure>\n\n\n<p style=\"font-size:10px\" class=\"eplus-wrapper eplus-styles-uid-eef697\">Septiembre 2025<\/p>\n\n\n<h3 class=\"wp-block-heading has-custom-lineheight eplus-wrapper\" style=\"line-height:1\">The Diamond Rose ganador de mejor thriller en la primera edici\u00f3n de Vertical Short Films<\/h3>\n\n\n\n<p style=\"font-size:11px\" class=\"eplus-wrapper\"><\/p>\n\n\n<p class=\"eplus-wrapper eplus-styles-uid-c556fd\"><a href=\"https:\/\/vertiview.glide.page\/dl\/a400f7\" data-type=\"link\" data-id=\"https:\/\/vertiview.glide.page\/dl\/a400f7\" target=\"_blank\" rel=\"noreferrer noopener\">Read more \u2192<\/a><\/p><\/div>\n\n\n\n<div class=\"is-style-default  wp-block-column eplus-wrapper is-layout-flow wp-block-column-is-layout-flow\" style=\"border-style:none;border-width:0px;padding-top:0;padding-right:0;padding-bottom:0;padding-left:0\">\n<figure class=\"wp-block-image size-full eplus-wrapper\"><img loading=\"lazy\" decoding=\"async\" width=\"1920\" height=\"1080\" src=\"https:\/\/visceral.pro\/wp-content\/uploads\/2025\/03\/ParDeIdeotas_Horizontal_forweb3.jpg\" alt=\"\" class=\"wp-image-1006\" srcset=\"https:\/\/visceral.pro\/wp-content\/uploads\/2025\/03\/ParDeIdeotas_Horizontal_forweb3.jpg 1920w, https:\/\/visceral.pro\/wp-content\/uploads\/2025\/03\/ParDeIdeotas_Horizontal_forweb3-300x169.jpg 300w, https:\/\/visceral.pro\/wp-content\/uploads\/2025\/03\/ParDeIdeotas_Horizontal_forweb3-1024x576.jpg 1024w, https:\/\/visceral.pro\/wp-content\/uploads\/2025\/03\/ParDeIdeotas_Horizontal_forweb3-18x10.jpg 18w, https:\/\/visceral.pro\/wp-content\/uploads\/2025\/03\/ParDeIdeotas_Horizontal_forweb3-1536x864.jpg 1536w\" sizes=\"auto, (max-width: 1920px) 100vw, 1920px\" \/><\/figure>\n\n\n<p style=\"font-size:10px\" class=\"eplus-wrapper eplus-styles-uid-eef697\">Septiembre 2025<\/p>\n\n\n<h3 class=\"wp-block-heading has-custom-lineheight eplus-wrapper\" style=\"line-height:1\">Par de Ideotas nominada a 4 premios PRODU<\/h3>\n\n\n\n<p style=\"font-size:11px\" class=\"eplus-wrapper\"><\/p>\n\n\n<p class=\"eplus-wrapper eplus-styles-uid-c556fd\"><a href=\"https:\/\/www.premiosprodu.com\/finalistas\/\" data-type=\"link\" data-id=\"https:\/\/www.imagen.org\/2024\/07\/39th-annual-imagen-awards-nominees\/\" target=\"_blank\" rel=\"noreferrer noopener\">Read more \u2192<\/a><\/p><\/div>\n<\/div>\n\n<div class=\"wp-block-columns eplus-wrapper is-layout-flex wp-container-core-columns-is-layout-28f84493 wp-block-columns-is-layout-flex eplus-styles-uid-b87d1d\">\n<div class=\"is-style-default  wp-block-column eplus-wrapper is-layout-flow wp-block-column-is-layout-flow\" style=\"border-style:none;border-width:0px;padding-top:0;padding-right:0;padding-bottom:0;padding-left:0\">\n<figure class=\"wp-block-image size-full eplus-wrapper\"><img loading=\"lazy\" decoding=\"async\" width=\"2096\" height=\"1179\" src=\"https:\/\/visceral.pro\/wp-content\/uploads\/2025\/09\/Screenshot-2025-09-12-at-13.34.15-1-edited.png\" alt=\"\" class=\"wp-image-1083\" srcset=\"https:\/\/visceral.pro\/wp-content\/uploads\/2025\/09\/Screenshot-2025-09-12-at-13.34.15-1-edited.png 2096w, https:\/\/visceral.pro\/wp-content\/uploads\/2025\/09\/Screenshot-2025-09-12-at-13.34.15-1-edited-300x169.png 300w, https:\/\/visceral.pro\/wp-content\/uploads\/2025\/09\/Screenshot-2025-09-12-at-13.34.15-1-edited-1024x576.png 1024w, https:\/\/visceral.pro\/wp-content\/uploads\/2025\/09\/Screenshot-2025-09-12-at-13.34.15-1-edited-2000x1125.png 2000w, https:\/\/visceral.pro\/wp-content\/uploads\/2025\/09\/Screenshot-2025-09-12-at-13.34.15-1-edited-18x10.png 18w\" sizes=\"auto, (max-width: 2096px) 100vw, 2096px\" \/><\/figure>\n\n\n<p style=\"font-size:10px\" class=\"eplus-wrapper eplus-styles-uid-eef697\">Agosto 2025<\/p>\n\n\n<h3 class=\"wp-block-heading has-custom-lineheight eplus-wrapper\" style=\"line-height:1\">De Viaje con los Derbez anuncia su quinta temporada<\/h3>\n\n\n\n<p style=\"font-size:11px\" class=\"eplus-wrapper\"><\/p>\n\n\n<p class=\"eplus-wrapper eplus-styles-uid-c556fd\"><a href=\"https:\/\/www.hola.com\/us-es\/celebrities\/20250910854589\/de-viaje-con-los-derbez-5-temporada-japon-entrevista\/\" data-type=\"link\" data-id=\"https:\/\/www.imagen.org\/2024\/07\/39th-annual-imagen-awards-nominees\/\" target=\"_blank\" rel=\"noreferrer noopener\">Read more \u2192<\/a><\/p><\/div>\n\n\n\n<div class=\"is-style-default  wp-block-column eplus-wrapper is-layout-flow wp-block-column-is-layout-flow\" style=\"border-style:none;border-width:0px;padding-top:0;padding-right:0;padding-bottom:0;padding-left:0\">\n<figure class=\"wp-block-image size-full eplus-wrapper\"><img loading=\"lazy\" decoding=\"async\" width=\"1080\" height=\"608\" src=\"https:\/\/visceral.pro\/wp-content\/uploads\/2025\/07\/Imagen_tcan2-edited.jpg\" alt=\"\" class=\"wp-image-1034\" srcset=\"https:\/\/visceral.pro\/wp-content\/uploads\/2025\/07\/Imagen_tcan2-edited.jpg 1080w, https:\/\/visceral.pro\/wp-content\/uploads\/2025\/07\/Imagen_tcan2-edited-300x169.jpg 300w, https:\/\/visceral.pro\/wp-content\/uploads\/2025\/07\/Imagen_tcan2-edited-1024x576.jpg 1024w, https:\/\/visceral.pro\/wp-content\/uploads\/2025\/07\/Imagen_tcan2-edited-18x10.jpg 18w\" sizes=\"auto, (max-width: 1080px) 100vw, 1080px\" \/><\/figure>\n\n\n<p style=\"font-size:10px\" class=\"eplus-wrapper eplus-styles-uid-eef697\">Julio 2025<\/p>\n\n\n<h3 class=\"wp-block-heading has-custom-lineheight eplus-wrapper\" style=\"line-height:1\">&#8230;Y Llegaron De Noche nominada a Best Comedy Series en los Imagen Awards 2025<\/h3>\n\n\n\n<p style=\"font-size:11px\" class=\"eplus-wrapper\"><\/p>\n\n\n<p class=\"eplus-wrapper eplus-styles-uid-c556fd\"><a href=\"https:\/\/www.imagen.org\/awards\/2025-imagen-awards\/\" data-type=\"link\" data-id=\"https:\/\/www.imagen.org\/2024\/07\/39th-annual-imagen-awards-nominees\/\" target=\"_blank\" rel=\"noreferrer noopener\">Read more \u2192<\/a><\/p><\/div>\n\n\n\n<div class=\"is-style-default  wp-block-column eplus-wrapper is-layout-flow wp-block-column-is-layout-flow\" style=\"border-style:none;border-width:0px;padding-top:0;padding-right:0;padding-bottom:0;padding-left:0\">\n<figure class=\"wp-block-image size-full eplus-wrapper\"><img loading=\"lazy\" decoding=\"async\" width=\"1080\" height=\"608\" src=\"https:\/\/visceral.pro\/wp-content\/uploads\/2025\/07\/Imagen_tcan-edited.jpg\" alt=\"\" class=\"wp-image-1032\" srcset=\"https:\/\/visceral.pro\/wp-content\/uploads\/2025\/07\/Imagen_tcan-edited.jpg 1080w, https:\/\/visceral.pro\/wp-content\/uploads\/2025\/07\/Imagen_tcan-edited-300x169.jpg 300w, https:\/\/visceral.pro\/wp-content\/uploads\/2025\/07\/Imagen_tcan-edited-1024x576.jpg 1024w, https:\/\/visceral.pro\/wp-content\/uploads\/2025\/07\/Imagen_tcan-edited-18x10.jpg 18w\" sizes=\"auto, (max-width: 1080px) 100vw, 1080px\" \/><\/figure>\n\n\n<p style=\"font-size:10px\" class=\"eplus-wrapper eplus-styles-uid-eef697\">Julio 2025<\/p>\n\n\n<h3 class=\"wp-block-heading has-custom-lineheight eplus-wrapper\" style=\"line-height:1\">Eugenio Derbez nominado a Best Actor &#8211; Comedy por &#8230;Y Llegaron De Noche en los Imagen Awards 2025<\/h3>\n\n\n\n<p style=\"font-size:11px\" class=\"eplus-wrapper\"><\/p>\n\n\n<p class=\"eplus-wrapper eplus-styles-uid-c556fd\"><a href=\"https:\/\/www.imagen.org\/awards\/2025-imagen-awards\/\" data-type=\"link\" data-id=\"https:\/\/www.imagen.org\/awards\/2025-imagen-awards\/\" target=\"_blank\" rel=\"noreferrer noopener\">Read more \u2192<\/a><\/p><\/div>\n<\/div>\n\n<div class=\"wp-block-columns eplus-wrapper is-layout-flex wp-container-core-columns-is-layout-28f84493 wp-block-columns-is-layout-flex eplus-styles-uid-98f805\">\n<div class=\"is-style-default  wp-block-column eplus-wrapper is-layout-flow wp-block-column-is-layout-flow\" style=\"border-style:none;border-width:0px;padding-top:0;padding-right:0;padding-bottom:0;padding-left:0\">\n<figure class=\"wp-block-image size-full eplus-wrapper\"><img loading=\"lazy\" decoding=\"async\" width=\"846\" height=\"476\" src=\"https:\/\/visceral.pro\/wp-content\/uploads\/2025\/09\/Imagen_tcan2-edited.jpg\" alt=\"\" class=\"wp-image-1078\" srcset=\"https:\/\/visceral.pro\/wp-content\/uploads\/2025\/09\/Imagen_tcan2-edited.jpg 846w, https:\/\/visceral.pro\/wp-content\/uploads\/2025\/09\/Imagen_tcan2-edited-300x169.jpg 300w, https:\/\/visceral.pro\/wp-content\/uploads\/2025\/09\/Imagen_tcan2-edited-18x10.jpg 18w\" sizes=\"auto, (max-width: 846px) 100vw, 846px\" \/><\/figure>\n\n\n<p style=\"font-size:10px\" class=\"eplus-wrapper eplus-styles-uid-eef697\">Septiembre 2025<\/p>\n\n\n<h3 class=\"wp-block-heading has-custom-lineheight eplus-wrapper\" style=\"line-height:1\">Y Llegaron De Noche nominada a 10 premios PRODU <\/h3>\n\n\n\n<p style=\"font-size:11px\" class=\"eplus-wrapper\"><\/p>\n\n\n<p class=\"eplus-wrapper eplus-styles-uid-c556fd\"><a href=\"https:\/\/www.premiosprodu.com\/finalistas\/\" data-type=\"link\" data-id=\"https:\/\/www.imagen.org\/awards\/2025-imagen-awards\/\" target=\"_blank\" rel=\"noreferrer noopener\">Read more \u2192<\/a><\/p><\/div>\n\n\n\n<div class=\"is-style-default  wp-block-column eplus-wrapper is-layout-flow wp-block-column-is-layout-flow\" style=\"border-style:none;border-width:0px;padding-top:0;padding-right:0;padding-bottom:0;padding-left:0\">\n<figure class=\"wp-block-image size-full eplus-wrapper\"><img loading=\"lazy\" decoding=\"async\" width=\"2048\" height=\"1150\" src=\"https:\/\/visceral.pro\/wp-content\/uploads\/2025\/04\/IMG_6516-2048x1150-1.jpg\" alt=\"\" class=\"wp-image-1022\" srcset=\"https:\/\/visceral.pro\/wp-content\/uploads\/2025\/04\/IMG_6516-2048x1150-1.jpg 2048w, https:\/\/visceral.pro\/wp-content\/uploads\/2025\/04\/IMG_6516-2048x1150-1-300x168.jpg 300w, https:\/\/visceral.pro\/wp-content\/uploads\/2025\/04\/IMG_6516-2048x1150-1-1024x575.jpg 1024w, https:\/\/visceral.pro\/wp-content\/uploads\/2025\/04\/IMG_6516-2048x1150-1-2000x1123.jpg 2000w, https:\/\/visceral.pro\/wp-content\/uploads\/2025\/04\/IMG_6516-2048x1150-1-18x10.jpg 18w\" sizes=\"auto, (max-width: 2048px) 100vw, 2048px\" \/><\/figure>\n\n\n<p style=\"font-size:10px\" class=\"eplus-wrapper eplus-styles-uid-eef697\">Abril 2025<\/p>\n\n\n<h3 class=\"wp-block-heading has-custom-lineheight eplus-wrapper\" style=\"line-height:1\">&#8230;Y Llegaron De Noche<br>Mejor Serie de Comedia en Premios Aura 2025<\/h3>\n\n\n\n<p style=\"font-size:11px\" class=\"eplus-wrapper\"><\/p>\n\n\n<p class=\"eplus-wrapper eplus-styles-uid-c556fd\"><a href=\"https:\/\/fcogroup.mx\/premios-aura-2025\/\" data-type=\"link\" data-id=\"https:\/\/www.imagen.org\/2024\/07\/39th-annual-imagen-awards-nominees\/\" target=\"_blank\" rel=\"noreferrer noopener\">Read more \u2192<\/a><\/p><\/div>\n\n\n\n<div class=\"is-style-default  wp-block-column eplus-wrapper is-layout-flow wp-block-column-is-layout-flow\" style=\"border-style:none;border-width:0px;padding-top:0;padding-right:0;padding-bottom:0;padding-left:0\">\n<figure class=\"wp-block-image size-full eplus-wrapper\"><img loading=\"lazy\" decoding=\"async\" width=\"2560\" height=\"1440\" src=\"https:\/\/visceral.pro\/wp-content\/uploads\/2024\/10\/069_TCAN_KA_1920x1080_R12_FR_C01_B_W1.1_CROP-copy-scaled.jpg\" alt=\"\" class=\"wp-image-862\" srcset=\"https:\/\/visceral.pro\/wp-content\/uploads\/2024\/10\/069_TCAN_KA_1920x1080_R12_FR_C01_B_W1.1_CROP-copy-scaled.jpg 2560w, https:\/\/visceral.pro\/wp-content\/uploads\/2024\/10\/069_TCAN_KA_1920x1080_R12_FR_C01_B_W1.1_CROP-copy-300x169.jpg 300w, https:\/\/visceral.pro\/wp-content\/uploads\/2024\/10\/069_TCAN_KA_1920x1080_R12_FR_C01_B_W1.1_CROP-copy-1024x576.jpg 1024w, https:\/\/visceral.pro\/wp-content\/uploads\/2024\/10\/069_TCAN_KA_1920x1080_R12_FR_C01_B_W1.1_CROP-copy-2000x1125.jpg 2000w, https:\/\/visceral.pro\/wp-content\/uploads\/2024\/10\/069_TCAN_KA_1920x1080_R12_FR_C01_B_W1.1_CROP-copy-scaled-18x10.jpg 18w, https:\/\/visceral.pro\/wp-content\/uploads\/2024\/10\/069_TCAN_KA_1920x1080_R12_FR_C01_B_W1.1_CROP-copy-scaled-1536x864.jpg 1536w, https:\/\/visceral.pro\/wp-content\/uploads\/2024\/10\/069_TCAN_KA_1920x1080_R12_FR_C01_B_W1.1_CROP-copy-scaled-2048x1152.jpg 2048w\" sizes=\"auto, (max-width: 2560px) 100vw, 2560px\" \/><\/figure>\n\n\n<p style=\"font-size:10px\" class=\"eplus-wrapper eplus-styles-uid-eef697\">Marzo 2025<\/p>\n\n\n<h3 class=\"wp-block-heading has-custom-lineheight eplus-wrapper\" style=\"line-height:1\">&#8230; Y Llegaron De Noche nominado a dos Rockie Awards<\/h3>\n\n\n\n<p style=\"font-size:11px\" class=\"eplus-wrapper\"><\/p>\n\n\n<p class=\"eplus-wrapper eplus-styles-uid-c556fd\"><a href=\"https:\/\/rockies.playbackonline.ca\/Nominees\" data-type=\"link\" data-id=\"https:\/\/www.imagen.org\/2024\/07\/39th-annual-imagen-awards-nominees\/\" target=\"_blank\" rel=\"noreferrer noopener\">Read more \u2192<\/a><\/p><\/div>\n<\/div>\n\n<div class=\"wp-block-columns eplus-wrapper is-layout-flex wp-container-core-columns-is-layout-28f84493 wp-block-columns-is-layout-flex eplus-styles-uid-f81591\">\n<div class=\"is-style-default  wp-block-column eplus-wrapper is-layout-flow wp-block-column-is-layout-flow\" style=\"border-style:none;border-width:0px;padding-top:0;padding-right:0;padding-bottom:0;padding-left:0\">\n<figure class=\"wp-block-image size-full eplus-wrapper\"><img loading=\"lazy\" decoding=\"async\" width=\"2560\" height=\"1440\" src=\"https:\/\/visceral.pro\/wp-content\/uploads\/2025\/08\/IMG_5563-copy-edited-scaled.jpg\" alt=\"\" class=\"wp-image-1072\" srcset=\"https:\/\/visceral.pro\/wp-content\/uploads\/2025\/08\/IMG_5563-copy-edited-scaled.jpg 2560w, https:\/\/visceral.pro\/wp-content\/uploads\/2025\/08\/IMG_5563-copy-edited-300x169.jpg 300w, https:\/\/visceral.pro\/wp-content\/uploads\/2025\/08\/IMG_5563-copy-edited-1024x576.jpg 1024w, https:\/\/visceral.pro\/wp-content\/uploads\/2025\/08\/IMG_5563-copy-edited-2000x1125.jpg 2000w, https:\/\/visceral.pro\/wp-content\/uploads\/2025\/08\/IMG_5563-copy-edited-scaled-18x10.jpg 18w\" sizes=\"auto, (max-width: 2560px) 100vw, 2560px\" \/><\/figure>\n\n\n<p style=\"font-size:10px\" class=\"eplus-wrapper eplus-styles-uid-eef697\">Agosto 2025<\/p>\n\n\n<h3 class=\"wp-block-heading has-custom-lineheight eplus-wrapper\" style=\"line-height:1\">&#8230;Y Llegaron De Noche Ganadora Best Comedy Series en los Imagen Awards 2025<\/h3>\n\n\n\n<p style=\"font-size:11px\" class=\"eplus-wrapper\"><\/p>\n\n\n<p class=\"eplus-wrapper eplus-styles-uid-c556fd\"><a href=\"https:\/\/www.imagen.org\/2025\/08\/40th-imagen-awards-winners\/\" data-type=\"link\" data-id=\"https:\/\/www.imagen.org\/2024\/07\/39th-annual-imagen-awards-nominees\/\" target=\"_blank\" rel=\"noreferrer noopener\">Read more \u2192<\/a><\/p><\/div>\n\n\n\n<div class=\"is-style-default  wp-block-column eplus-wrapper is-layout-flow wp-block-column-is-layout-flow\" style=\"border-style:none;border-width:0px;padding-top:0;padding-right:0;padding-bottom:0;padding-left:0\">\n<figure class=\"wp-block-image size-full eplus-wrapper\"><img loading=\"lazy\" decoding=\"async\" width=\"1080\" height=\"608\" src=\"https:\/\/visceral.pro\/wp-content\/uploads\/2025\/07\/Imagen_epsb-edited.jpg\" alt=\"\" class=\"wp-image-1030\" srcset=\"https:\/\/visceral.pro\/wp-content\/uploads\/2025\/07\/Imagen_epsb-edited.jpg 1080w, https:\/\/visceral.pro\/wp-content\/uploads\/2025\/07\/Imagen_epsb-edited-300x169.jpg 300w, https:\/\/visceral.pro\/wp-content\/uploads\/2025\/07\/Imagen_epsb-edited-1024x576.jpg 1024w, https:\/\/visceral.pro\/wp-content\/uploads\/2025\/07\/Imagen_epsb-edited-18x10.jpg 18w\" sizes=\"auto, (max-width: 1080px) 100vw, 1080px\" \/><\/figure>\n\n\n<p style=\"font-size:10px\" class=\"eplus-wrapper eplus-styles-uid-eef697\">Julio  2025<\/p>\n\n\n<h3 class=\"wp-block-heading has-custom-lineheight eplus-wrapper\" style=\"line-height:1\">Es Por Su Bien nominado a Best Special or Television Movie en los Imagen Awards 2025<\/h3>\n\n\n\n<p style=\"font-size:11px\" class=\"eplus-wrapper\"><\/p>\n\n\n<p class=\"eplus-wrapper eplus-styles-uid-c556fd\"><a href=\"https:\/\/www.imagen.org\/awards\/2025-imagen-awards\/\" data-type=\"link\" data-id=\"https:\/\/www.imagen.org\/awards\/2025-imagen-awards\/\" target=\"_blank\" rel=\"noreferrer noopener\">Read more \u2192<\/a><\/p><\/div>\n\n\n\n<div class=\"is-style-default  wp-block-column eplus-wrapper is-layout-flow wp-block-column-is-layout-flow\" style=\"border-style:none;border-width:0px;padding-top:0;padding-right:0;padding-bottom:0;padding-left:0\">\n<figure class=\"wp-block-image size-full is-resized eplus-wrapper\"><img loading=\"lazy\" decoding=\"async\" width=\"2560\" height=\"1440\" src=\"https:\/\/visceral.pro\/wp-content\/uploads\/2024\/10\/069_TCAN_KA_1920x1080_R12_FR_C01_B_W1.1_CROP-copy-scaled.jpg\" alt=\"\" class=\"wp-image-862\" style=\"width:365px;height:auto\" srcset=\"https:\/\/visceral.pro\/wp-content\/uploads\/2024\/10\/069_TCAN_KA_1920x1080_R12_FR_C01_B_W1.1_CROP-copy-scaled.jpg 2560w, https:\/\/visceral.pro\/wp-content\/uploads\/2024\/10\/069_TCAN_KA_1920x1080_R12_FR_C01_B_W1.1_CROP-copy-300x169.jpg 300w, https:\/\/visceral.pro\/wp-content\/uploads\/2024\/10\/069_TCAN_KA_1920x1080_R12_FR_C01_B_W1.1_CROP-copy-1024x576.jpg 1024w, https:\/\/visceral.pro\/wp-content\/uploads\/2024\/10\/069_TCAN_KA_1920x1080_R12_FR_C01_B_W1.1_CROP-copy-2000x1125.jpg 2000w, https:\/\/visceral.pro\/wp-content\/uploads\/2024\/10\/069_TCAN_KA_1920x1080_R12_FR_C01_B_W1.1_CROP-copy-scaled-18x10.jpg 18w, https:\/\/visceral.pro\/wp-content\/uploads\/2024\/10\/069_TCAN_KA_1920x1080_R12_FR_C01_B_W1.1_CROP-copy-scaled-1536x864.jpg 1536w, https:\/\/visceral.pro\/wp-content\/uploads\/2024\/10\/069_TCAN_KA_1920x1080_R12_FR_C01_B_W1.1_CROP-copy-scaled-2048x1152.jpg 2048w\" sizes=\"auto, (max-width: 2560px) 100vw, 2560px\" \/><\/figure>\n\n\n<p style=\"font-size:10px\" class=\"eplus-wrapper eplus-styles-uid-eef697\">Marzo 2025<\/p>\n\n\n<h3 class=\"wp-block-heading has-custom-lineheight eplus-wrapper\" style=\"line-height:1\">&#8230; Y Llegaron De Noche nominado a cuatro premios Aura <\/h3>\n\n\n\n<p style=\"font-size:11px\" class=\"eplus-wrapper\"><\/p>\n\n\n<p class=\"eplus-wrapper eplus-styles-uid-c556fd\"><a href=\"https:\/\/www.auraseries.com\/\" data-type=\"link\" data-id=\"https:\/\/www.auraseries.com\/\">Read more \u2192<\/a><\/p><\/div>\n<\/div>\n\n<div class=\"wp-block-columns eplus-wrapper is-layout-flex wp-container-core-columns-is-layout-28f84493 wp-block-columns-is-layout-flex eplus-styles-uid-c625ad\">\n<div class=\"is-style-default  wp-block-column eplus-wrapper is-layout-flow wp-block-column-is-layout-flow\" style=\"border-style:none;border-width:0px;padding-top:0;padding-right:0;padding-bottom:0;padding-left:0\">\n<figure class=\"wp-block-image size-full eplus-wrapper\"><img loading=\"lazy\" decoding=\"async\" width=\"1228\" height=\"686\" src=\"https:\/\/visceral.pro\/wp-content\/uploads\/2025\/04\/Screenshot-2025-04-04-at-19.06.25.png\" alt=\"\" class=\"wp-image-1016\" srcset=\"https:\/\/visceral.pro\/wp-content\/uploads\/2025\/04\/Screenshot-2025-04-04-at-19.06.25.png 1228w, https:\/\/visceral.pro\/wp-content\/uploads\/2025\/04\/Screenshot-2025-04-04-at-19.06.25-300x168.png 300w, https:\/\/visceral.pro\/wp-content\/uploads\/2025\/04\/Screenshot-2025-04-04-at-19.06.25-1024x572.png 1024w, https:\/\/visceral.pro\/wp-content\/uploads\/2025\/04\/Screenshot-2025-04-04-at-19.06.25-18x10.png 18w\" sizes=\"auto, (max-width: 1228px) 100vw, 1228px\" \/><\/figure>\n\n\n<p style=\"font-size:10px\" class=\"eplus-wrapper eplus-styles-uid-eef697\">Marzo 2025<\/p>\n\n\n<h3 class=\"wp-block-heading has-custom-lineheight eplus-wrapper\" style=\"line-height:1\">&#8230; Y Llegaron De Noche y Es Por Su Bien nominados a los Premios India Catalina<\/h3>\n\n\n\n<p style=\"font-size:11px\" class=\"eplus-wrapper\"><\/p>\n\n\n<p class=\"eplus-wrapper eplus-styles-uid-c556fd\"><a href=\"https:\/\/www.instagram.com\/premiosindiacatalina\/?hl=es-la\" data-type=\"link\" data-id=\"https:\/\/www.imagen.org\/2024\/07\/39th-annual-imagen-awards-nominees\/\" target=\"_blank\" rel=\"noreferrer noopener\">Read more \u2192<\/a><\/p><\/div>\n\n\n\n<div class=\"is-style-default  wp-block-column eplus-wrapper is-layout-flow wp-block-column-is-layout-flow\" style=\"border-style:none;border-width:0px;padding-top:0;padding-right:0;padding-bottom:0;padding-left:0\">\n<figure class=\"wp-block-image size-full eplus-wrapper\"><img loading=\"lazy\" decoding=\"async\" width=\"626\" height=\"310\" src=\"https:\/\/visceral.pro\/wp-content\/uploads\/2024\/12\/Screenshot-2024-12-02-at-16.03.09.png\" alt=\"\" class=\"wp-image-934\" srcset=\"https:\/\/visceral.pro\/wp-content\/uploads\/2024\/12\/Screenshot-2024-12-02-at-16.03.09.png 626w, https:\/\/visceral.pro\/wp-content\/uploads\/2024\/12\/Screenshot-2024-12-02-at-16.03.09-300x149.png 300w, https:\/\/visceral.pro\/wp-content\/uploads\/2024\/12\/Screenshot-2024-12-02-at-16.03.09-18x9.png 18w\" sizes=\"auto, (max-width: 626px) 100vw, 626px\" \/><\/figure>\n\n\n<p style=\"font-size:10px\" class=\"eplus-wrapper eplus-styles-uid-eef697\">October 2024<\/p>\n\n\n<h3 class=\"wp-block-heading has-custom-lineheight eplus-wrapper\" style=\"line-height:1\">PRODU Awards Winners: De viaje con los Derbez S4 - Best Non-Celebrity Program<\/h3>\n\n\n\n<p style=\"font-size:11px\" class=\"eplus-wrapper\"><\/p>\n\n\n<p class=\"eplus-wrapper eplus-styles-uid-c556fd\"><a href=\"https:\/\/www.instagram.com\/p\/DB0BB4tOKNy\/?utm_source=ig_web_copy_link&amp;igsh=MzRlODBiNWFlZA==\" data-type=\"link\" data-id=\"https:\/\/www.imagen.org\/2024\/07\/39th-annual-imagen-awards-nominees\/\" target=\"_blank\" rel=\"noreferrer noopener\">Read more \u2192<\/a><\/p><\/div>\n\n\n\n<div class=\"is-style-default  wp-block-column eplus-wrapper is-layout-flow wp-block-column-is-layout-flow\" style=\"border-style:none;border-width:0px;padding-top:0;padding-right:0;padding-bottom:0;padding-left:0\">\n<figure class=\"wp-block-image size-full is-resized eplus-wrapper\"><img loading=\"lazy\" decoding=\"async\" width=\"544\" height=\"306\" src=\"https:\/\/visceral.pro\/wp-content\/uploads\/2024\/12\/Screenshot-2024-12-02-at-15.57.03-edited.png\" alt=\"\" class=\"wp-image-932\" style=\"width:365px;height:auto\" srcset=\"https:\/\/visceral.pro\/wp-content\/uploads\/2024\/12\/Screenshot-2024-12-02-at-15.57.03-edited.png 544w, https:\/\/visceral.pro\/wp-content\/uploads\/2024\/12\/Screenshot-2024-12-02-at-15.57.03-edited-300x169.png 300w, https:\/\/visceral.pro\/wp-content\/uploads\/2024\/12\/Screenshot-2024-12-02-at-15.57.03-edited-18x10.png 18w\" sizes=\"auto, (max-width: 544px) 100vw, 544px\" \/><\/figure>\n\n\n<p style=\"font-size:10px\" class=\"eplus-wrapper eplus-styles-uid-eef697\">October 2024<\/p>\n\n\n<h3 class=\"wp-block-heading has-custom-lineheight eplus-wrapper\" style=\"line-height:1\">Winners of PRODU Awards: De viaje con los Derbez S4 - Best Entertainment Direction - Contest - Reality - Variety - Talk Show<\/h3>\n\n\n\n<p style=\"font-size:11px\" class=\"eplus-wrapper\"><\/p>\n\n\n<p class=\"eplus-wrapper eplus-styles-uid-c556fd\"><a href=\"https:\/\/www.instagram.com\/p\/DBxNfo-uRgJ\/?utm_source=ig_web_copy_link&amp;igsh=MzRlODBiNWFlZA==\" data-type=\"link\" data-id=\"https:\/\/www.instagram.com\/p\/DBxNfo-uRgJ\/?utm_source=ig_web_copy_link&amp;igsh=MzRlODBiNWFlZA==\">Read more \u2192<\/a><\/p><\/div>\n<\/div>\n\n<div class=\"wp-block-columns eplus-wrapper is-layout-flex wp-container-core-columns-is-layout-28f84493 wp-block-columns-is-layout-flex eplus-styles-uid-0c6715\">\n<div class=\"is-style-default  wp-block-column eplus-wrapper is-layout-flow wp-block-column-is-layout-flow\" style=\"border-style:none;border-width:0px;padding-top:0;padding-right:0;padding-bottom:0;padding-left:0\">\n<figure class=\"wp-block-image size-full eplus-wrapper\"><img loading=\"lazy\" decoding=\"async\" width=\"516\" height=\"290\" src=\"https:\/\/visceral.pro\/wp-content\/uploads\/2024\/12\/Screenshot-2024-12-02-at-15.55.08-edited-1.png\" alt=\"\" class=\"wp-image-930\" srcset=\"https:\/\/visceral.pro\/wp-content\/uploads\/2024\/12\/Screenshot-2024-12-02-at-15.55.08-edited-1.png 516w, https:\/\/visceral.pro\/wp-content\/uploads\/2024\/12\/Screenshot-2024-12-02-at-15.55.08-edited-1-300x169.png 300w, https:\/\/visceral.pro\/wp-content\/uploads\/2024\/12\/Screenshot-2024-12-02-at-15.55.08-edited-1-18x10.png 18w\" sizes=\"auto, (max-width: 516px) 100vw, 516px\" \/><\/figure>\n\n\n<p style=\"font-size:10px\" class=\"eplus-wrapper eplus-styles-uid-eef697\">October 2024<\/p>\n\n\n<h3 class=\"wp-block-heading has-custom-lineheight eplus-wrapper\" style=\"line-height:1\">Winners PRODU Awards: It's for Your Sake - Best Film Released on Platform<\/h3>\n\n\n\n<p style=\"font-size:11px\" class=\"eplus-wrapper\"><\/p>\n\n\n<p class=\"eplus-wrapper eplus-styles-uid-2672fb\"><a href=\"https:\/\/www.instagram.com\/p\/DBwlWh3P0RX\/?utm_source=ig_web_copy_link&amp;igsh=MzRlODBiNWFlZA==\" data-type=\"link\" data-id=\"https:\/\/especiales.produ.com\/mexico2024\/visceral-compite-en-mexico-con-servicios-de-produccion\/\" target=\"_blank\" rel=\"noreferrer noopener\">Read more \u2192<\/a><\/p><\/div>\n\n\n\n<div class=\"is-style-default  wp-block-column eplus-wrapper is-layout-flow wp-block-column-is-layout-flow\" style=\"border-style:none;border-width:0px;padding-top:0;padding-right:0;padding-bottom:0;padding-left:0\">\n<figure class=\"wp-block-image size-full eplus-wrapper\"><img loading=\"lazy\" decoding=\"async\" width=\"652\" height=\"310\" src=\"https:\/\/visceral.pro\/wp-content\/uploads\/2024\/12\/Screenshot-2024-12-02-at-16.00.19.png\" alt=\"\" class=\"wp-image-933\" srcset=\"https:\/\/visceral.pro\/wp-content\/uploads\/2024\/12\/Screenshot-2024-12-02-at-16.00.19.png 652w, https:\/\/visceral.pro\/wp-content\/uploads\/2024\/12\/Screenshot-2024-12-02-at-16.00.19-300x143.png 300w, https:\/\/visceral.pro\/wp-content\/uploads\/2024\/12\/Screenshot-2024-12-02-at-16.00.19-18x9.png 18w\" sizes=\"auto, (max-width: 652px) 100vw, 652px\" \/><\/figure>\n\n\n<p style=\"font-size:10px\" class=\"eplus-wrapper eplus-styles-uid-eef697\">October 2024<\/p>\n\n\n<h3 class=\"wp-block-heading has-custom-lineheight eplus-wrapper\" style=\"line-height:1\">PRODU Awards Winners: De viaje con los Derbez S4 - Best Non-Scripted Series Producer <\/h3>\n\n\n\n<p style=\"font-size:11px\" class=\"eplus-wrapper\"><\/p>\n\n\n<p class=\"eplus-wrapper eplus-styles-uid-c556fd\"><a href=\"https:\/\/www.instagram.com\/p\/DBxQGlGu_qU\/?utm_source=ig_web_copy_link&amp;igsh=MzRlODBiNWFlZA==\" data-type=\"link\" data-id=\"https:\/\/www.imagen.org\/2024\/07\/39th-annual-imagen-awards-nominees\/\" target=\"_blank\" rel=\"noreferrer noopener\">Read more \u2192<\/a><\/p><\/div>\n\n\n\n<div class=\"is-style-default  wp-block-column eplus-wrapper is-layout-flow wp-block-column-is-layout-flow\" style=\"border-style:none;border-width:0px;padding-top:0;padding-right:0;padding-bottom:0;padding-left:0\">\n<figure class=\"wp-block-image size-large is-resized eplus-wrapper\"><img loading=\"lazy\" decoding=\"async\" width=\"2560\" height=\"1439\" src=\"https:\/\/visceral.pro\/wp-content\/uploads\/2024\/10\/DVCD4_HORIZONTAL2-edited-scaled.jpg\" alt=\"\" class=\"wp-image-886\" style=\"width:365px;height:auto\" srcset=\"https:\/\/visceral.pro\/wp-content\/uploads\/2024\/10\/DVCD4_HORIZONTAL2-edited-scaled.jpg 2560w, https:\/\/visceral.pro\/wp-content\/uploads\/2024\/10\/DVCD4_HORIZONTAL2-edited-300x169.jpg 300w, https:\/\/visceral.pro\/wp-content\/uploads\/2024\/10\/DVCD4_HORIZONTAL2-edited-1024x576.jpg 1024w, https:\/\/visceral.pro\/wp-content\/uploads\/2024\/10\/DVCD4_HORIZONTAL2-edited-2000x1125.jpg 2000w, https:\/\/visceral.pro\/wp-content\/uploads\/2024\/10\/DVCD4_HORIZONTAL2-edited-scaled-18x10.jpg 18w\" sizes=\"auto, (max-width: 2560px) 100vw, 2560px\" \/><\/figure>\n\n\n<p style=\"font-size:10px\" class=\"eplus-wrapper eplus-styles-uid-eef697\">September 2024<\/p>\n\n\n<h3 class=\"wp-block-heading has-custom-lineheight eplus-wrapper\" style=\"line-height:1\">Produ 2024 Awards. De Viaje con los Derbez: Buscando a Santa received three nominations, including Best Non-Scripted Celebrity Program.<\/h3>\n\n\n\n<p style=\"font-size:11px\" class=\"eplus-wrapper\"><\/p>\n\n\n<p class=\"eplus-wrapper eplus-styles-uid-c556fd\"><a href=\"https:\/\/www.instagram.com\/p\/DAlfWTCi_r0\/\" data-type=\"link\" data-id=\"https:\/\/variety.com\/2024\/film\/global\/eugenio-derbez-prime-videos-money-heist-roberto-sneider-1236079717\/\" target=\"_blank\" rel=\"noreferrer noopener\">Read more \u2192<\/a><\/p><\/div>\n<\/div>\n\n<div class=\"wp-block-columns eplus-wrapper is-layout-flex wp-container-core-columns-is-layout-28f84493 wp-block-columns-is-layout-flex eplus-styles-uid-92f409\">\n<div class=\"is-style-default  wp-block-column eplus-wrapper is-layout-flow wp-block-column-is-layout-flow\" style=\"border-style:none;border-width:0px;padding-top:0;padding-right:0;padding-bottom:0;padding-left:0\">\n<figure class=\"wp-block-image size-large eplus-wrapper\"><img loading=\"lazy\" decoding=\"async\" width=\"1024\" height=\"576\" src=\"https:\/\/visceral.pro\/wp-content\/uploads\/2024\/06\/PTRS-edited-1024x576.jpg\" alt=\"\" class=\"wp-image-70\" srcset=\"https:\/\/visceral.pro\/wp-content\/uploads\/2024\/06\/PTRS-edited-1024x576.jpg 1024w, https:\/\/visceral.pro\/wp-content\/uploads\/2024\/06\/PTRS-edited-300x169.jpg 300w, https:\/\/visceral.pro\/wp-content\/uploads\/2024\/06\/PTRS-edited-2000x1125.jpg 2000w, https:\/\/visceral.pro\/wp-content\/uploads\/2024\/06\/PTRS-edited-scaled-500x281.jpg 500w, https:\/\/visceral.pro\/wp-content\/uploads\/2024\/06\/PTRS-edited-scaled-800x450.jpg 800w, https:\/\/visceral.pro\/wp-content\/uploads\/2024\/06\/PTRS-edited-scaled-1280x720.jpg 1280w, https:\/\/visceral.pro\/wp-content\/uploads\/2024\/06\/PTRS-edited-scaled-1920x1080.jpg 1920w, https:\/\/visceral.pro\/wp-content\/uploads\/2024\/06\/PTRS-edited-scaled-1536x864.jpg 1536w, https:\/\/visceral.pro\/wp-content\/uploads\/2024\/06\/PTRS-edited-scaled-2048x1152.jpg 2048w, https:\/\/visceral.pro\/wp-content\/uploads\/2024\/06\/PTRS-edited-scaled-18x10.jpg 18w\" sizes=\"auto, (max-width: 1024px) 100vw, 1024px\" \/><\/figure>\n\n\n<p style=\"font-size:10px\" class=\"eplus-wrapper eplus-styles-uid-eef697\">September 2024<\/p>\n\n\n<h3 class=\"wp-block-heading has-custom-lineheight eplus-wrapper\" style=\"line-height:1\">Produ 2024 Awards. P#t@s Redes Sociales was nominated for two awards, including Best Fiction Producer - Series and Miniseries.<\/h3>\n\n\n\n<p style=\"font-size:11px\" class=\"eplus-wrapper\"><\/p>\n\n\n<p class=\"eplus-wrapper eplus-styles-uid-2672fb\"><a href=\"https:\/\/www.instagram.com\/p\/DA_qv2uquSv\/\" data-type=\"link\" data-id=\"https:\/\/especiales.produ.com\/mexico2024\/visceral-compite-en-mexico-con-servicios-de-produccion\/\" target=\"_blank\" rel=\"noreferrer noopener\">Read more \u2192<\/a><\/p><\/div>\n\n\n\n<div class=\"is-style-default  wp-block-column eplus-wrapper is-layout-flow wp-block-column-is-layout-flow\" style=\"border-style:none;border-width:0px;padding-top:0;padding-right:0;padding-bottom:0;padding-left:0\">\n<figure class=\"wp-block-image size-large eplus-wrapper\"><img loading=\"lazy\" decoding=\"async\" width=\"1024\" height=\"576\" src=\"https:\/\/visceral.pro\/wp-content\/uploads\/2024\/06\/2_EsPorSuBien_VIX_Landscape_1920x1080-1-1024x576.jpg\" alt=\"\" class=\"wp-image-282\" srcset=\"https:\/\/visceral.pro\/wp-content\/uploads\/2024\/06\/2_EsPorSuBien_VIX_Landscape_1920x1080-1-1024x576.jpg 1024w, https:\/\/visceral.pro\/wp-content\/uploads\/2024\/06\/2_EsPorSuBien_VIX_Landscape_1920x1080-1-300x169.jpg 300w, https:\/\/visceral.pro\/wp-content\/uploads\/2024\/06\/2_EsPorSuBien_VIX_Landscape_1920x1080-1-1536x864.jpg 1536w, https:\/\/visceral.pro\/wp-content\/uploads\/2024\/06\/2_EsPorSuBien_VIX_Landscape_1920x1080-1-18x10.jpg 18w, https:\/\/visceral.pro\/wp-content\/uploads\/2024\/06\/2_EsPorSuBien_VIX_Landscape_1920x1080-1.jpg 1920w\" sizes=\"auto, (max-width: 1024px) 100vw, 1024px\" \/><\/figure>\n\n\n<p style=\"font-size:10px\" class=\"eplus-wrapper eplus-styles-uid-eef697\">September 2024<\/p>\n\n\n<h3 class=\"wp-block-heading has-custom-lineheight eplus-wrapper\" style=\"line-height:1\">Produ 2024 Awards. Es por su bien received two nominations, including Best Comedy Film released on a platform.<\/h3>\n\n\n\n<p style=\"font-size:11px\" class=\"eplus-wrapper\"><\/p>\n\n\n<p class=\"eplus-wrapper eplus-styles-uid-c556fd\"><a href=\"https:\/\/www.instagram.com\/p\/DAdw-puRwQJ\/\" data-type=\"link\" data-id=\"https:\/\/www.imagen.org\/2024\/07\/39th-annual-imagen-awards-nominees\/\" target=\"_blank\" rel=\"noreferrer noopener\">Read more \u2192<\/a><\/p><\/div>\n\n\n\n<div class=\"is-style-default  wp-block-column eplus-wrapper is-layout-flow wp-block-column-is-layout-flow\" style=\"border-style:none;border-width:0px;padding-top:0;padding-right:0;padding-bottom:0;padding-left:0\">\n<figure class=\"wp-block-image size-large eplus-wrapper\"><img loading=\"lazy\" decoding=\"async\" width=\"1360\" height=\"765\" src=\"https:\/\/visceral.pro\/wp-content\/uploads\/2024\/07\/image-3-edited.png\" alt=\"\" class=\"wp-image-691\" srcset=\"https:\/\/visceral.pro\/wp-content\/uploads\/2024\/07\/image-3-edited.png 1360w, https:\/\/visceral.pro\/wp-content\/uploads\/2024\/07\/image-3-edited-300x169.png 300w, https:\/\/visceral.pro\/wp-content\/uploads\/2024\/07\/image-3-edited-1024x576.png 1024w, https:\/\/visceral.pro\/wp-content\/uploads\/2024\/07\/image-3-edited-18x10.png 18w\" sizes=\"auto, (max-width: 1360px) 100vw, 1360px\" \/><\/figure>\n\n\n<p style=\"font-size:10px\" class=\"eplus-wrapper eplus-styles-uid-eef697\">July 2024<\/p>\n\n\n<h3 class=\"wp-block-heading has-custom-lineheight eplus-wrapper\" style=\"line-height:1\">Mexico\u2019s Eugenio Derbez Starring in First Dramatic Series Role in Prime Video\u2019s \u2018El Juicio\u2019 (EXCLUSIVE)<\/h3>\n\n\n\n<p style=\"font-size:11px\" class=\"eplus-wrapper\">Mexican multi-hyphenate\u00a0<a href=\"https:\/\/variety.com\/t\/eugenio-derbez\/\" target=\"_blank\" rel=\"noreferrer noopener\">Eugenio Derbez<\/a>, best known for his comedic performances in such hits as \u201cInstructions Not Included,\u201d \u201cHow to Be a Latin Lover\u201d and \u201cOverboard,\u201d is taking on his first dramatic lead role in a series,\u00a0<a href=\"https:\/\/variety.com\/t\/prime-video\/\" target=\"_blank\" rel=\"noreferrer noopener\">Prime Video<\/a>\u2019s \u201c<a href=\"https:\/\/variety.com\/t\/el-juicio\/\" target=\"_blank\" rel=\"noreferrer noopener\">El Juicio<\/a>.\u201d<\/p>\n\n\n<p class=\"eplus-wrapper eplus-styles-uid-c556fd\"><a href=\"https:\/\/variety.com\/2024\/film\/global\/eugenio-derbez-prime-videos-money-heist-roberto-sneider-1236079717\/\" data-type=\"link\" data-id=\"https:\/\/variety.com\/2024\/film\/global\/eugenio-derbez-prime-videos-money-heist-roberto-sneider-1236079717\/\" target=\"_blank\" rel=\"noreferrer noopener\">Read more \u2192<\/a><\/p><\/div>\n<\/div>\n\n<div class=\"wp-block-columns eplus-wrapper is-layout-flex wp-container-core-columns-is-layout-28f84493 wp-block-columns-is-layout-flex eplus-styles-uid-78a6ed\">\n<div class=\"is-style-default  wp-block-column eplus-wrapper is-layout-flow wp-block-column-is-layout-flow\" style=\"border-style:none;border-width:0px;padding-top:0;padding-right:0;padding-bottom:0;padding-left:0\">\n<figure class=\"wp-block-image size-full eplus-wrapper\"><img loading=\"lazy\" decoding=\"async\" width=\"1080\" height=\"608\" src=\"https:\/\/visceral.pro\/wp-content\/uploads\/2024\/06\/Artboard-9-edited.png\" alt=\"\" class=\"wp-image-238\" srcset=\"https:\/\/visceral.pro\/wp-content\/uploads\/2024\/06\/Artboard-9-edited.png 1080w, https:\/\/visceral.pro\/wp-content\/uploads\/2024\/06\/Artboard-9-edited-300x169.png 300w, https:\/\/visceral.pro\/wp-content\/uploads\/2024\/06\/Artboard-9-edited-1024x576.png 1024w, https:\/\/visceral.pro\/wp-content\/uploads\/2024\/06\/Artboard-9-edited-500x281.png 500w, https:\/\/visceral.pro\/wp-content\/uploads\/2024\/06\/Artboard-9-edited-800x450.png 800w, https:\/\/visceral.pro\/wp-content\/uploads\/2024\/06\/Artboard-9-edited-18x10.png 18w\" sizes=\"auto, (max-width: 1080px) 100vw, 1080px\" \/><\/figure>\n\n\n<p style=\"line-height:1;font-size:10px\" class=\"has-custom-lineheight eplus-wrapper eplus-styles-uid-eef697\">June 2024<\/p>\n\n\n<h3 class=\"wp-block-heading has-custom-lineheight eplus-wrapper\" style=\"line-height:1\">Paulina Gaitan nominated for Best Comedy Performance at the Aura Awards 2024<\/h3>\n\n\n\n<p style=\"font-size:11px\" class=\"eplus-wrapper\"><\/p>\n\n\n<p class=\"eplus-wrapper eplus-styles-uid-fe42c4\"><a href=\"https:\/\/www.instagram.com\/p\/C7iTJgKolIc\/?img_index=1\" data-type=\"link\" data-id=\"https:\/\/www.instagram.com\/p\/C7iTJgKolIc\/?img_index=1\" target=\"_blank\" rel=\"noreferrer noopener\">Read more \u2192<\/a><\/p><\/div>\n\n\n\n<div class=\"is-style-default  wp-block-column eplus-wrapper is-layout-flow wp-block-column-is-layout-flow\" style=\"border-style:none;border-width:0px;padding-top:0;padding-right:0;padding-bottom:0;padding-left:0\">\n<figure class=\"wp-block-image size-full eplus-wrapper\"><img loading=\"lazy\" decoding=\"async\" width=\"900\" height=\"506\" src=\"https:\/\/visceral.pro\/wp-content\/uploads\/2024\/06\/image-17.png\" alt=\"\" class=\"wp-image-236\" srcset=\"https:\/\/visceral.pro\/wp-content\/uploads\/2024\/06\/image-17.png 900w, https:\/\/visceral.pro\/wp-content\/uploads\/2024\/06\/image-17-300x169.png 300w, https:\/\/visceral.pro\/wp-content\/uploads\/2024\/06\/image-17-500x281.png 500w, https:\/\/visceral.pro\/wp-content\/uploads\/2024\/06\/image-17-800x450.png 800w, https:\/\/visceral.pro\/wp-content\/uploads\/2024\/06\/image-17-18x10.png 18w\" sizes=\"auto, (max-width: 900px) 100vw, 900px\" \/><\/figure>\n\n\n<p style=\"font-size:10px\" class=\"eplus-wrapper eplus-styles-uid-eef697\">May 2024<\/p>\n\n\n<h3 class=\"wp-block-heading has-custom-lineheight eplus-wrapper\" style=\"line-height:1\">Y llegaron de noche: First look, premiere and all about the series starring Eugenio Derbez as Dracula<\/h3>\n\n\n\n<p style=\"font-size:11px\" class=\"eplus-wrapper\">The histrion will be donning his fangs for an upcoming period and comedy show.<\/p>\n\n\n<p class=\"eplus-wrapper eplus-styles-uid-2672fb\"><a href=\"https:\/\/cinepremiere.com.mx\/y-llegaron-de-noche-serie-trailer-estreno-eugenio-derbez-dracula-hispano.html\" data-type=\"link\" data-id=\"https:\/\/cinepremiere.com.mx\/y-llegaron-de-noche-serie-trailer-estreno-eugenio-derbez-dracula-hispano.html\" target=\"_blank\" rel=\"noreferrer noopener\">Read more \u2192<\/a><\/p><\/div>\n\n\n\n<div class=\"is-style-default  wp-block-column eplus-wrapper is-layout-flow wp-block-column-is-layout-flow\" style=\"border-style:none;border-width:0px;padding-top:0;padding-right:0;padding-bottom:0;padding-left:0\">\n<figure class=\"wp-block-image size-large eplus-wrapper\"><img loading=\"lazy\" decoding=\"async\" width=\"1504\" height=\"847\" src=\"https:\/\/visceral.pro\/wp-content\/uploads\/2024\/07\/Nominacionimagen2024-edited.jpg\" alt=\"\" class=\"wp-image-726\" srcset=\"https:\/\/visceral.pro\/wp-content\/uploads\/2024\/07\/Nominacionimagen2024-edited.jpg 1504w, https:\/\/visceral.pro\/wp-content\/uploads\/2024\/07\/Nominacionimagen2024-edited-300x169.jpg 300w, https:\/\/visceral.pro\/wp-content\/uploads\/2024\/07\/Nominacionimagen2024-edited-1024x577.jpg 1024w, https:\/\/visceral.pro\/wp-content\/uploads\/2024\/07\/Nominacionimagen2024-edited-18x10.jpg 18w\" sizes=\"auto, (max-width: 1504px) 100vw, 1504px\" \/><\/figure>\n\n\n<p style=\"font-size:10px\" class=\"eplus-wrapper eplus-styles-uid-eef697\">July 2024<\/p>\n\n\n<h3 class=\"wp-block-heading has-custom-lineheight eplus-wrapper\" style=\"line-height:1\">P#T@S SOCIAL NETWORKS nominated for 'Best comedy series' at the 39th Imagen Awards<\/h3>\n\n\n\n<p style=\"font-size:11px\" class=\"eplus-wrapper\"><\/p>\n\n\n<p class=\"eplus-wrapper eplus-styles-uid-c556fd\"><a href=\"https:\/\/www.imagen.org\/2024\/07\/39th-annual-imagen-awards-nominees\/\" data-type=\"link\" data-id=\"https:\/\/www.imagen.org\/2024\/07\/39th-annual-imagen-awards-nominees\/\" target=\"_blank\" rel=\"noreferrer noopener\">Read more \u2192<\/a><\/p><\/div>\n<\/div>\n\n<div class=\"wp-block-columns eplus-wrapper is-layout-flex wp-container-core-columns-is-layout-28f84493 wp-block-columns-is-layout-flex eplus-styles-uid-cde31c\">\n<div class=\"is-style-default  wp-block-column eplus-wrapper is-layout-flow wp-block-column-is-layout-flow\" style=\"border-style:none;border-width:0px;padding-top:0;padding-right:0;padding-bottom:0;padding-left:0\">\n<figure class=\"wp-block-image size-large eplus-wrapper\"><img loading=\"lazy\" decoding=\"async\" width=\"1200\" height=\"675\" src=\"https:\/\/visceral.pro\/wp-content\/uploads\/2024\/06\/image-16-edited.png\" alt=\"\" class=\"wp-image-235\" srcset=\"https:\/\/visceral.pro\/wp-content\/uploads\/2024\/06\/image-16-edited.png 1200w, https:\/\/visceral.pro\/wp-content\/uploads\/2024\/06\/image-16-edited-300x169.png 300w, https:\/\/visceral.pro\/wp-content\/uploads\/2024\/06\/image-16-edited-1024x576.png 1024w, https:\/\/visceral.pro\/wp-content\/uploads\/2024\/06\/image-16-edited-500x281.png 500w, https:\/\/visceral.pro\/wp-content\/uploads\/2024\/06\/image-16-edited-800x450.png 800w, https:\/\/visceral.pro\/wp-content\/uploads\/2024\/06\/image-16-edited-18x10.png 18w\" sizes=\"auto, (max-width: 1200px) 100vw, 1200px\" \/><\/figure>\n\n\n<p style=\"font-size:10px\" class=\"eplus-wrapper eplus-styles-uid-eef697\">May 2024<\/p>\n\n\n<h3 class=\"wp-block-heading has-custom-lineheight eplus-wrapper\" style=\"line-height:1\">Eugenio Derbez is Dracula! Here are the first images of his incredible transformation.<\/h3>\n\n\n\n<p style=\"font-size:11px\" class=\"eplus-wrapper\">This is the first time in ten years that Derbez has worked on a television comedy with a Spanish script.<\/p>\n\n\n<p class=\"eplus-wrapper eplus-styles-uid-2672fb\"><a href=\"https:\/\/www.hola.com\/us-es\/entretenimiento\/20240514359995\/eugenio-derbez-primeras-imagenes-dracula-serie-vix\/\" data-type=\"link\" data-id=\"https:\/\/www.hola.com\/us-es\/entretenimiento\/20240514359995\/eugenio-derbez-primeras-imagenes-dracula-serie-vix\/\" target=\"_blank\" rel=\"noreferrer noopener\">Read more \u2192<\/a><\/p><\/div>\n\n\n\n<div class=\"is-style-default  wp-block-column eplus-wrapper is-layout-flow wp-block-column-is-layout-flow\" style=\"border-style:none;border-width:0px;padding-top:0;padding-right:0;padding-bottom:0;padding-left:0\">\n<figure class=\"wp-block-image size-large eplus-wrapper\"><img loading=\"lazy\" decoding=\"async\" width=\"1024\" height=\"576\" src=\"https:\/\/visceral.pro\/wp-content\/uploads\/2024\/06\/image-14-1024x576.png\" alt=\"\" class=\"wp-image-232\" srcset=\"https:\/\/visceral.pro\/wp-content\/uploads\/2024\/06\/image-14-1024x576.png 1024w, https:\/\/visceral.pro\/wp-content\/uploads\/2024\/06\/image-14-300x169.png 300w, https:\/\/visceral.pro\/wp-content\/uploads\/2024\/06\/image-14-500x281.png 500w, https:\/\/visceral.pro\/wp-content\/uploads\/2024\/06\/image-14-800x450.png 800w, https:\/\/visceral.pro\/wp-content\/uploads\/2024\/06\/image-14-1280x720.png 1280w, https:\/\/visceral.pro\/wp-content\/uploads\/2024\/06\/image-14-18x10.png 18w, https:\/\/visceral.pro\/wp-content\/uploads\/2024\/06\/image-14.png 1440w\" sizes=\"auto, (max-width: 1024px) 100vw, 1024px\" \/><\/figure>\n\n\n\n<p style=\"line-height:1;font-size:10px\" class=\"has-custom-lineheight eplus-wrapper\">May 2024<\/p>\n\n\n\n<h3 class=\"wp-block-heading has-custom-lineheight eplus-wrapper\" style=\"line-height:1\">Eugenio Derbez becomes \u201cDracula\u201d for his return to comedy in new series<\/h3>\n\n\n\n<p style=\"font-size:11px\" class=\"eplus-wrapper\">The Mexican actor will star in a new series inspired by a classic horror film.<\/p>\n\n\n<p class=\"eplus-wrapper eplus-styles-uid-2672fb\"><a href=\"https:\/\/www.infobae.com\/mexico\/2024\/05\/16\/eugenio-derbez-se-convierte-en-dracula-para-su-regreso-a-la-comedia-en-una-nueva-serie\/\" data-type=\"link\" data-id=\"https:\/\/www.infobae.com\/mexico\/2024\/05\/16\/eugenio-derbez-se-convierte-en-dracula-para-su-regreso-a-la-comedia-en-una-nueva-serie\/\" target=\"_blank\" rel=\"noreferrer noopener\">Read more \u2192<\/a><\/p><\/div>\n\n\n\n<div class=\"is-style-default  wp-block-column eplus-wrapper is-layout-flow wp-block-column-is-layout-flow\" style=\"border-style:none;border-width:0px;padding-top:0;padding-right:0;padding-bottom:0;padding-left:0\">\n<figure class=\"wp-block-image size-large eplus-wrapper\"><img loading=\"lazy\" decoding=\"async\" width=\"1350\" height=\"759\" src=\"https:\/\/visceral.pro\/wp-content\/uploads\/2024\/07\/image-2-edited.png\" alt=\"\" class=\"wp-image-689\" srcset=\"https:\/\/visceral.pro\/wp-content\/uploads\/2024\/07\/image-2-edited.png 1350w, https:\/\/visceral.pro\/wp-content\/uploads\/2024\/07\/image-2-edited-300x169.png 300w, https:\/\/visceral.pro\/wp-content\/uploads\/2024\/07\/image-2-edited-1024x576.png 1024w, https:\/\/visceral.pro\/wp-content\/uploads\/2024\/07\/image-2-edited-18x10.png 18w\" sizes=\"auto, (max-width: 1350px) 100vw, 1350px\" \/><\/figure>\n\n\n<p style=\"font-size:10px\" class=\"eplus-wrapper eplus-styles-uid-eef697\">May 2024<\/p>\n\n\n<h3 class=\"wp-block-heading has-custom-lineheight eplus-wrapper\" style=\"line-height:1\">VISCERAL COMPETES IN MEXICO WITH PRODUCTION SERVICES<\/h3>\n\n\n\n<p style=\"font-size:11px\" class=\"eplus-wrapper\">Visceral, an independent physical production company, has been dedicated in recent years to projects developed by its allied company 3Pas, but also works for third parties, providing production services in Mexico, with the advantage of offering competitive costs and high standards for the international market. Javier Williams and Pablo Calasso, CEO and COO of Visceral, talked about this topic with PRODU.<\/p>\n\n\n<p class=\"eplus-wrapper eplus-styles-uid-2672fb\"><a href=\"https:\/\/especiales.produ.com\/mexico2024\/visceral-compite-en-mexico-con-servicios-de-produccion\/\" data-type=\"link\" data-id=\"https:\/\/especiales.produ.com\/mexico2024\/visceral-compite-en-mexico-con-servicios-de-produccion\/\" target=\"_blank\" rel=\"noreferrer noopener\">Read more \u2192<\/a><\/p><\/div>\n<\/div>\n\n<div class=\"wp-block-columns eplus-wrapper is-layout-flex wp-container-core-columns-is-layout-28f84493 wp-block-columns-is-layout-flex eplus-styles-uid-e0f5f4\">\n<div class=\"is-style-default  wp-block-column eplus-wrapper is-layout-flow wp-block-column-is-layout-flow\" style=\"border-style:none;border-width:0px;padding-top:0;padding-right:0;padding-bottom:0;padding-left:0\">\n<figure class=\"wp-block-image size-large eplus-wrapper\"><img loading=\"lazy\" decoding=\"async\" width=\"985\" height=\"554\" src=\"https:\/\/visceral.pro\/wp-content\/uploads\/2024\/06\/image-13-edited.png\" alt=\"\" class=\"wp-image-231\" srcset=\"https:\/\/visceral.pro\/wp-content\/uploads\/2024\/06\/image-13-edited.png 985w, https:\/\/visceral.pro\/wp-content\/uploads\/2024\/06\/image-13-edited-300x169.png 300w, https:\/\/visceral.pro\/wp-content\/uploads\/2024\/06\/image-13-edited-500x281.png 500w, https:\/\/visceral.pro\/wp-content\/uploads\/2024\/06\/image-13-edited-800x450.png 800w, https:\/\/visceral.pro\/wp-content\/uploads\/2024\/06\/image-13-edited-18x10.png 18w\" sizes=\"auto, (max-width: 985px) 100vw, 985px\" \/><\/figure>\n\n\n\n<p style=\"line-height:1;font-size:10px\" class=\"has-custom-lineheight eplus-wrapper\">April 2024<\/p>\n\n\n\n<h3 class=\"wp-block-heading has-custom-lineheight eplus-wrapper\" style=\"line-height:1\">Visceral: sustainability is not a fad, but an urgency for the planet<\/h3>\n\n\n\n<p style=\"font-size:11px\" class=\"eplus-wrapper\">Javier Williams and Pablo Calasso, CEO and COO of Visceral, the Mexican production arm of 3Pas Studio, have a personal commitment to the planet long before they became part of this production company.\u00a0<\/p>\n\n\n<p class=\"eplus-wrapper eplus-styles-uid-2672fb\"><a href=\"https:\/\/sostenible.produ.com\/visceral-la-sostenibilidad-no-es-una-moda-sino-una-urgencia-del-planeta\/\" data-type=\"link\" data-id=\"https:\/\/www.todotvnews.com\/ttvoriginals\/vix-comienza-a-grabar-seis-nuevas-producciones-originales\/\" target=\"_blank\" rel=\"noreferrer noopener\">Read more \u2192<\/a><\/p><\/div>\n\n\n\n<div class=\"is-style-default  wp-block-column eplus-wrapper is-layout-flow wp-block-column-is-layout-flow\" style=\"border-style:none;border-width:0px;padding-top:0;padding-right:0;padding-bottom:0;padding-left:0\">\n<figure class=\"wp-block-image size-full eplus-wrapper\"><img loading=\"lazy\" decoding=\"async\" width=\"1577\" height=\"887\" src=\"https:\/\/visceral.pro\/wp-content\/uploads\/2024\/06\/DVCD4_HORIZONTAL2-edited.jpg\" alt=\"\" class=\"wp-image-227\" srcset=\"https:\/\/visceral.pro\/wp-content\/uploads\/2024\/06\/DVCD4_HORIZONTAL2-edited.jpg 1577w, https:\/\/visceral.pro\/wp-content\/uploads\/2024\/06\/DVCD4_HORIZONTAL2-edited-300x169.jpg 300w, https:\/\/visceral.pro\/wp-content\/uploads\/2024\/06\/DVCD4_HORIZONTAL2-edited-1024x576.jpg 1024w, https:\/\/visceral.pro\/wp-content\/uploads\/2024\/06\/DVCD4_HORIZONTAL2-edited-500x281.jpg 500w, https:\/\/visceral.pro\/wp-content\/uploads\/2024\/06\/DVCD4_HORIZONTAL2-edited-800x450.jpg 800w, https:\/\/visceral.pro\/wp-content\/uploads\/2024\/06\/DVCD4_HORIZONTAL2-edited-1280x720.jpg 1280w, https:\/\/visceral.pro\/wp-content\/uploads\/2024\/06\/DVCD4_HORIZONTAL2-edited-18x10.jpg 18w\" sizes=\"auto, (max-width: 1577px) 100vw, 1577px\" \/><\/figure>\n\n\n\n<p style=\"line-height:1;font-size:10px\" class=\"has-custom-lineheight eplus-wrapper\">November 2023<\/p>\n\n\n\n<h3 class=\"wp-block-heading has-custom-lineheight eplus-wrapper\" style=\"line-height:1\">De Viaje con los Derbez season 4: the adventures of this fun family in the North Pole come to ViX<\/h3>\n\n\n\n<p style=\"font-size:11px\" class=\"eplus-wrapper\">A new season of De Viaje con los Derbez, the popular reality show that follows the exciting adventures of the Derbez family, arrives on ViX. In this fourth installment, Eugenio and his family will travel to the North Pole in search of Christmas magic.<\/p>\n\n\n<p class=\"eplus-wrapper eplus-styles-uid-2672fb\"><a href=\"https:\/\/www.univision.com\/entretenimiento\/cine-y-series\/de-viaje-con-los-derbez-temporada-4-las-aventuras-de-esta-divertida-familia-polo-norte-llegan-a-vix\">Read <\/a><a href=\"https:\/\/www.univision.com\/entretenimiento\/cine-y-series\/de-viaje-con-los-derbez-temporada-4-las-aventuras-de-esta-divertida-familia-polo-norte-llegan-a-vix\" target=\"_blank\" rel=\"noreferrer noopener\">more <\/a><a href=\"https:\/\/www.univision.com\/entretenimiento\/cine-y-series\/de-viaje-con-los-derbez-temporada-4-las-aventuras-de-esta-divertida-familia-polo-norte-llegan-a-vix\">\u2192<\/a><\/p><\/div>\n\n\n\n<div class=\"is-style-default  wp-block-column eplus-wrapper is-layout-flow wp-block-column-is-layout-flow\" style=\"border-style:none;border-width:0px;padding-top:0;padding-right:0;padding-bottom:0;padding-left:0\">\n<figure class=\"wp-block-image size-full eplus-wrapper\"><img loading=\"lazy\" decoding=\"async\" width=\"1024\" height=\"576\" src=\"https:\/\/visceral.pro\/wp-content\/uploads\/2024\/06\/image-15.png\" alt=\"\" class=\"wp-image-233\" srcset=\"https:\/\/visceral.pro\/wp-content\/uploads\/2024\/06\/image-15.png 1024w, https:\/\/visceral.pro\/wp-content\/uploads\/2024\/06\/image-15-300x169.png 300w, https:\/\/visceral.pro\/wp-content\/uploads\/2024\/06\/image-15-500x281.png 500w, https:\/\/visceral.pro\/wp-content\/uploads\/2024\/06\/image-15-800x450.png 800w, https:\/\/visceral.pro\/wp-content\/uploads\/2024\/06\/image-15-18x10.png 18w\" sizes=\"auto, (max-width: 1024px) 100vw, 1024px\" \/><\/figure>\n\n\n\n<p style=\"line-height:1;font-size:10px\" class=\"has-custom-lineheight eplus-wrapper\">May 2024<\/p>\n\n\n\n<h3 class=\"wp-block-heading has-custom-lineheight eplus-wrapper\" style=\"line-height:1\">This is what Eugenio Derbez looks like as Dracula for Y Llegaron de Noche, the new ViX series.<\/h3>\n\n\n\n<p style=\"font-size:11px\" class=\"eplus-wrapper\">Eugenio Derbez is back in a Spanish-language television project and we present to you his exclusive first photo as Dracula, his next character for ViX's new original series.<\/p>\n\n\n<p class=\"eplus-wrapper eplus-styles-uid-2672fb\"><a href=\"https:\/\/www.tudn.com\/vix\/primera-foto-eugenio-derbez-caracterizado-como-dracula-para-y-llegaron-de-noche-la-nueva-serie-de-vix\" data-type=\"link\" data-id=\"https:\/\/www.tudn.com\/vix\/primera-foto-eugenio-derbez-caracterizado-como-dracula-para-y-llegaron-de-noche-la-nueva-serie-de-vix\" target=\"_blank\" rel=\"noreferrer noopener\">Read more \u2192<\/a><\/p><\/div>\n<\/div>\n\n<div class=\"wp-block-columns eplus-wrapper is-layout-flex wp-container-core-columns-is-layout-28f84493 wp-block-columns-is-layout-flex eplus-styles-uid-b1e04b\">\n<div class=\"is-style-default  wp-block-column eplus-wrapper is-layout-flow wp-block-column-is-layout-flow\" style=\"border-style:none;border-width:0px;padding-top:0;padding-right:0;padding-bottom:0;padding-left:0\">\n<figure class=\"wp-block-image size-full eplus-wrapper\"><img loading=\"lazy\" decoding=\"async\" width=\"942\" height=\"532\" src=\"https:\/\/visceral.pro\/wp-content\/uploads\/2024\/06\/image-12.png\" alt=\"\" class=\"wp-image-225\" srcset=\"https:\/\/visceral.pro\/wp-content\/uploads\/2024\/06\/image-12.png 942w, https:\/\/visceral.pro\/wp-content\/uploads\/2024\/06\/image-12-300x169.png 300w, https:\/\/visceral.pro\/wp-content\/uploads\/2024\/06\/image-12-500x282.png 500w, https:\/\/visceral.pro\/wp-content\/uploads\/2024\/06\/image-12-800x452.png 800w, https:\/\/visceral.pro\/wp-content\/uploads\/2024\/06\/image-12-18x10.png 18w\" sizes=\"auto, (max-width: 942px) 100vw, 942px\" \/><\/figure>\n\n\n\n<p style=\"line-height:1;font-size:10px\" class=\"has-custom-lineheight eplus-wrapper\">November 2023<\/p>\n\n\n\n<h3 class=\"wp-block-heading has-custom-lineheight eplus-wrapper\" style=\"line-height:1\">Eugenio and his family go to the 'North Pole' in 'De viaje con los Derbez' season 4; this is what we know<\/h3>\n\n\n\n<p style=\"font-size:11px\" class=\"eplus-wrapper\">We tell you the details about the new season of the popular reality show.<\/p>\n\n\n<p class=\"eplus-wrapper eplus-styles-uid-2672fb\"><a href=\"https:\/\/www.milenio.com\/espectaculos\/television\/viaje-derbez-temporada-4-fecha-estreno\" data-type=\"link\" data-id=\"https:\/\/www.todotvnews.com\/ttvoriginals\/vix-comienza-a-grabar-seis-nuevas-producciones-originales\/\">Read <\/a><a href=\"https:\/\/www.milenio.com\/espectaculos\/television\/viaje-derbez-temporada-4-fecha-estreno\" data-type=\"link\" data-id=\"https:\/\/www.todotvnews.com\/ttvoriginals\/vix-comienza-a-grabar-seis-nuevas-producciones-originales\/\" target=\"_blank\" rel=\"noreferrer noopener\">more<\/a><a href=\"https:\/\/www.milenio.com\/espectaculos\/television\/viaje-derbez-temporada-4-fecha-estreno\" data-type=\"link\" data-id=\"https:\/\/www.todotvnews.com\/ttvoriginals\/vix-comienza-a-grabar-seis-nuevas-producciones-originales\/\"> \u2192<\/a><\/p><\/div>\n\n\n\n<div class=\"is-style-default  wp-block-column eplus-wrapper is-layout-flow wp-block-column-is-layout-flow\" style=\"border-style:none;border-width:0px;padding-top:0;padding-right:0;padding-bottom:0;padding-left:0\">\n<figure class=\"wp-block-image size-large eplus-wrapper\"><img loading=\"lazy\" decoding=\"async\" width=\"1504\" height=\"847\" src=\"https:\/\/visceral.pro\/wp-content\/uploads\/2024\/06\/PTRS_nominacionpremios_hori-edited.jpg\" alt=\"\" class=\"wp-image-229\" srcset=\"https:\/\/visceral.pro\/wp-content\/uploads\/2024\/06\/PTRS_nominacionpremios_hori-edited.jpg 1504w, https:\/\/visceral.pro\/wp-content\/uploads\/2024\/06\/PTRS_nominacionpremios_hori-edited-300x169.jpg 300w, https:\/\/visceral.pro\/wp-content\/uploads\/2024\/06\/PTRS_nominacionpremios_hori-edited-1024x577.jpg 1024w, https:\/\/visceral.pro\/wp-content\/uploads\/2024\/06\/PTRS_nominacionpremios_hori-edited-500x282.jpg 500w, https:\/\/visceral.pro\/wp-content\/uploads\/2024\/06\/PTRS_nominacionpremios_hori-edited-800x451.jpg 800w, https:\/\/visceral.pro\/wp-content\/uploads\/2024\/06\/PTRS_nominacionpremios_hori-edited-1280x721.jpg 1280w, https:\/\/visceral.pro\/wp-content\/uploads\/2024\/06\/PTRS_nominacionpremios_hori-edited-18x10.jpg 18w\" sizes=\"auto, (max-width: 1504px) 100vw, 1504px\" \/><\/figure>\n\n\n\n<p style=\"line-height:1;font-size:10px\" class=\"has-custom-lineheight eplus-wrapper\">March 2024<\/p>\n\n\n\n<h3 class=\"wp-block-heading has-text-align-left has-custom-lineheight eplus-wrapper\" style=\"line-height:1\">P#t@s Redes Sociales nominated for Best Ibero-American Production at the 40th India Catalina Awards at the Cartagena de Indias International Film Festival in Colombia.<\/h3>\n\n\n<p class=\"eplus-wrapper eplus-styles-uid-2672fb\"><a href=\"https:\/\/www.instagram.com\/p\/C4yJ4FYpG8S\/?img_index=2\" data-type=\"link\" data-id=\"https:\/\/www.instagram.com\/p\/C4yJ4FYpG8S\/?img_index=2\" target=\"_blank\" rel=\"noreferrer noopener\">Read more \u2192<\/a><\/p><\/div>\n\n\n\n<div class=\"is-style-default  wp-block-column eplus-wrapper is-layout-flow wp-block-column-is-layout-flow\" style=\"border-style:none;border-width:0px;padding-top:0;padding-right:0;padding-bottom:0;padding-left:0\">\n<figure class=\"wp-block-image size-full eplus-wrapper\"><img loading=\"lazy\" decoding=\"async\" width=\"770\" height=\"433\" src=\"https:\/\/visceral.pro\/wp-content\/uploads\/2024\/06\/image-20-edited.png\" alt=\"\" class=\"wp-image-396\" srcset=\"https:\/\/visceral.pro\/wp-content\/uploads\/2024\/06\/image-20-edited.png 770w, https:\/\/visceral.pro\/wp-content\/uploads\/2024\/06\/image-20-edited-300x169.png 300w, https:\/\/visceral.pro\/wp-content\/uploads\/2024\/06\/image-20-edited-18x10.png 18w\" sizes=\"auto, (max-width: 770px) 100vw, 770px\" \/><\/figure>\n\n\n\n<p style=\"line-height:1;font-size:10px\" class=\"has-custom-lineheight eplus-wrapper\">November 2023<\/p>\n\n\n\n<h3 class=\"wp-block-heading has-custom-lineheight eplus-wrapper\" style=\"line-height:1\">PRODU Award Winners: Best Documentary Program or Series on Society,13:14 The Challenge to Help<\/h3>\n\n\n<p class=\"eplus-wrapper eplus-styles-uid-2672fb\"><a href=\"https:\/\/www.produ.com\/television\/noticias\/premios-produ-ganadores-de-programas-de-entretenimiento-y-no-guionados\/\" data-type=\"link\" data-id=\"https:\/\/www.produ.com\/television\/noticias\/premios-produ-ganadores-de-programas-de-entretenimiento-y-no-guionados\/\" target=\"_blank\" rel=\"noreferrer noopener\">Read more \u2192<\/a><\/p><\/div>\n<\/div>\n\n<div class=\"wp-block-columns eplus-wrapper is-layout-flex wp-container-core-columns-is-layout-28f84493 wp-block-columns-is-layout-flex eplus-styles-uid-d06c9e\">\n<div class=\"is-style-default  wp-block-column eplus-wrapper is-layout-flow wp-block-column-is-layout-flow\" style=\"border-style:none;border-width:0px;padding-top:0;padding-right:0;padding-bottom:0;padding-left:0\">\n<figure class=\"wp-block-image size-large eplus-wrapper\"><img loading=\"lazy\" decoding=\"async\" width=\"1600\" height=\"900\" src=\"https:\/\/visceral.pro\/wp-content\/uploads\/2024\/06\/WhatsApp-Image-2024-06-05-at-11.51.40-edited.jpeg\" alt=\"\" class=\"wp-image-224\" srcset=\"https:\/\/visceral.pro\/wp-content\/uploads\/2024\/06\/WhatsApp-Image-2024-06-05-at-11.51.40-edited.jpeg 1600w, https:\/\/visceral.pro\/wp-content\/uploads\/2024\/06\/WhatsApp-Image-2024-06-05-at-11.51.40-edited-300x169.jpeg 300w, https:\/\/visceral.pro\/wp-content\/uploads\/2024\/06\/WhatsApp-Image-2024-06-05-at-11.51.40-edited-1024x576.jpeg 1024w, https:\/\/visceral.pro\/wp-content\/uploads\/2024\/06\/WhatsApp-Image-2024-06-05-at-11.51.40-edited-500x281.jpeg 500w, https:\/\/visceral.pro\/wp-content\/uploads\/2024\/06\/WhatsApp-Image-2024-06-05-at-11.51.40-edited-800x450.jpeg 800w, https:\/\/visceral.pro\/wp-content\/uploads\/2024\/06\/WhatsApp-Image-2024-06-05-at-11.51.40-edited-1280x720.jpeg 1280w, https:\/\/visceral.pro\/wp-content\/uploads\/2024\/06\/WhatsApp-Image-2024-06-05-at-11.51.40-edited-18x10.jpeg 18w\" sizes=\"auto, (max-width: 1600px) 100vw, 1600px\" \/><\/figure>\n\n\n\n<p style=\"line-height:1;font-size:10px\" class=\"has-custom-lineheight eplus-wrapper\">October 2023<\/p>\n\n\n\n<h3 class=\"wp-block-heading has-custom-lineheight eplus-wrapper\" style=\"line-height:1\">ViX begins filming six new original productions<\/h3>\n\n\n\n<p style=\"font-size:11px\" class=\"eplus-wrapper\">ViX will add more than 50,000 hours of Spanish-language content to its catalog, with the production of six new original titles that have already begun recording and are exclusive to the streaming service.<\/p>\n\n\n<p class=\"eplus-wrapper eplus-styles-uid-2672fb\"><a href=\"https:\/\/www.todotvnews.com\/ttvoriginals\/vix-comienza-a-grabar-seis-nuevas-producciones-originales\/\" data-type=\"link\" data-id=\"https:\/\/www.todotvnews.com\/ttvoriginals\/vix-comienza-a-grabar-seis-nuevas-producciones-originales\/\">Read <\/a><a href=\"https:\/\/www.todotvnews.com\/ttvoriginals\/vix-comienza-a-grabar-seis-nuevas-producciones-originales\/\" data-type=\"link\" data-id=\"https:\/\/www.todotvnews.com\/ttvoriginals\/vix-comienza-a-grabar-seis-nuevas-producciones-originales\/\" target=\"_blank\" rel=\"noreferrer noopener\">more<\/a><a href=\"https:\/\/www.todotvnews.com\/ttvoriginals\/vix-comienza-a-grabar-seis-nuevas-producciones-originales\/\" data-type=\"link\" data-id=\"https:\/\/www.todotvnews.com\/ttvoriginals\/vix-comienza-a-grabar-seis-nuevas-producciones-originales\/\"> \u2192<\/a><\/p><\/div>\n\n\n\n<div class=\"is-style-default  wp-block-column eplus-wrapper is-layout-flow wp-block-column-is-layout-flow\" style=\"border-style:none;border-width:0px;padding-top:0;padding-right:0;padding-bottom:0;padding-left:0\">\n<figure class=\"wp-block-image size-full eplus-wrapper\"><img loading=\"lazy\" decoding=\"async\" width=\"770\" height=\"433\" src=\"https:\/\/visceral.pro\/wp-content\/uploads\/2024\/06\/image-21-edited.png\" alt=\"\" class=\"wp-image-398\" srcset=\"https:\/\/visceral.pro\/wp-content\/uploads\/2024\/06\/image-21-edited.png 770w, https:\/\/visceral.pro\/wp-content\/uploads\/2024\/06\/image-21-edited-300x169.png 300w, https:\/\/visceral.pro\/wp-content\/uploads\/2024\/06\/image-21-edited-18x10.png 18w\" sizes=\"auto, (max-width: 770px) 100vw, 770px\" \/><\/figure>\n\n\n\n<p style=\"line-height:1;font-size:10px\" class=\"has-custom-lineheight eplus-wrapper\">November 2023<\/p>\n\n\n\n<h3 class=\"wp-block-heading has-custom-lineheight eplus-wrapper\" style=\"line-height:1\">Winners PRODU<strong>\u00a0<\/strong>Mejor Productor de Entretenimiento \u2013 Concurso \u2013 Reality \u2013 Variedades \u2013 Talk-Show\u00a0<a href=\"https:\/\/www.produ.com\/noticias\/videos\/seccion\/television\/javier-williams-y-pablo-calasso-de-visceral\" target=\"_blank\" rel=\"noreferrer noopener\"><\/a><\/h3>\n\n\n<p class=\"eplus-wrapper eplus-styles-uid-2672fb\"><a href=\"https:\/\/www.produ.com\/paises\/noticias\/estos-son-los-talentos-tecnicos-que-se-llevaron-los-premios-produ-en-su-primer-dia\/\" data-type=\"link\" data-id=\"https:\/\/www.produ.com\/paises\/noticias\/estos-son-los-talentos-tecnicos-que-se-llevaron-los-premios-produ-en-su-primer-dia\/\">Read <\/a><a href=\"https:\/\/www.produ.com\/paises\/noticias\/estos-son-los-talentos-tecnicos-que-se-llevaron-los-premios-produ-en-su-primer-dia\/\" data-type=\"link\" data-id=\"https:\/\/www.produ.com\/paises\/noticias\/estos-son-los-talentos-tecnicos-que-se-llevaron-los-premios-produ-en-su-primer-dia\/\" target=\"_blank\" rel=\"noreferrer noopener\">more<\/a><a href=\"https:\/\/www.produ.com\/paises\/noticias\/estos-son-los-talentos-tecnicos-que-se-llevaron-los-premios-produ-en-su-primer-dia\/\" data-type=\"link\" data-id=\"https:\/\/www.produ.com\/paises\/noticias\/estos-son-los-talentos-tecnicos-que-se-llevaron-los-premios-produ-en-su-primer-dia\/\"> \u2192<\/a><\/p><\/div>\n\n\n\n<div class=\"is-style-default  wp-block-column eplus-wrapper is-layout-flow wp-block-column-is-layout-flow\" style=\"border-style:none;border-width:0px;padding-top:0;padding-right:0;padding-bottom:0;padding-left:0\">\n<figure class=\"wp-block-image size-full eplus-wrapper\"><img loading=\"lazy\" decoding=\"async\" width=\"1440\" height=\"810\" src=\"https:\/\/visceral.pro\/wp-content\/uploads\/2024\/06\/image-10-edited.png\" alt=\"\" class=\"wp-image-220\" srcset=\"https:\/\/visceral.pro\/wp-content\/uploads\/2024\/06\/image-10-edited.png 1440w, https:\/\/visceral.pro\/wp-content\/uploads\/2024\/06\/image-10-edited-300x169.png 300w, https:\/\/visceral.pro\/wp-content\/uploads\/2024\/06\/image-10-edited-1024x576.png 1024w, https:\/\/visceral.pro\/wp-content\/uploads\/2024\/06\/image-10-edited-500x281.png 500w, https:\/\/visceral.pro\/wp-content\/uploads\/2024\/06\/image-10-edited-800x450.png 800w, https:\/\/visceral.pro\/wp-content\/uploads\/2024\/06\/image-10-edited-1280x720.png 1280w, https:\/\/visceral.pro\/wp-content\/uploads\/2024\/06\/image-10-edited-18x10.png 18w\" sizes=\"auto, (max-width: 1440px) 100vw, 1440px\" \/><\/figure>\n\n\n\n<p style=\"line-height:1;font-size:10px\" class=\"has-custom-lineheight eplus-wrapper\">September 2023<\/p>\n\n\n\n<h3 class=\"wp-block-heading has-custom-lineheight eplus-wrapper\" style=\"line-height:1\">Where to watch the series P#t@s Redes Sociales, premiere date and official trailer<\/h3>\n\n\n\n<p style=\"font-size:11px\" class=\"eplus-wrapper\">The\u00a0<strong>friday, september 15th<\/strong>,\u00a0<strong>Prime Video<\/strong>\u00a0will premiere its new Mexican comedy series\u00a0<a href=\"https:\/\/spoilertime.com\/serie\/putas-redes-sociales\/\"><strong>P#t@s Redes Sociales<\/strong><\/a>\u00a0in\u00a0<strong>Mexico<\/strong>\u00a0and around the world, of which the official trailer has been unveiled.<\/p>\n\n\n<p class=\"eplus-wrapper eplus-styles-uid-2672fb\"><a href=\"https:\/\/spoilertime.com\/noticia\/putas-redes-sociales-prime-video-estreno-trailer\/\" target=\"_blank\" rel=\"noreferrer noopener\">Read more \u2192<\/a><\/p><\/div>\n<\/div>\n\n<div class=\"wp-block-columns eplus-wrapper is-layout-flex wp-container-core-columns-is-layout-28f84493 wp-block-columns-is-layout-flex eplus-styles-uid-591599\">\n<div class=\"is-style-default  wp-block-column eplus-wrapper is-layout-flow wp-block-column-is-layout-flow\" style=\"border-style:none;border-width:0px;padding-top:0;padding-right:0;padding-bottom:0;padding-left:0\">\n<figure class=\"wp-block-image size-full eplus-wrapper\"><img loading=\"lazy\" decoding=\"async\" width=\"860\" height=\"484\" src=\"https:\/\/visceral.pro\/wp-content\/uploads\/2024\/06\/image-6-edited.png\" alt=\"\" class=\"wp-image-211\" srcset=\"https:\/\/visceral.pro\/wp-content\/uploads\/2024\/06\/image-6-edited.png 860w, https:\/\/visceral.pro\/wp-content\/uploads\/2024\/06\/image-6-edited-300x169.png 300w, https:\/\/visceral.pro\/wp-content\/uploads\/2024\/06\/image-6-edited-500x281.png 500w, https:\/\/visceral.pro\/wp-content\/uploads\/2024\/06\/image-6-edited-800x450.png 800w, https:\/\/visceral.pro\/wp-content\/uploads\/2024\/06\/image-6-edited-18x10.png 18w\" sizes=\"auto, (max-width: 860px) 100vw, 860px\" \/><\/figure>\n\n\n\n<p style=\"line-height:1;font-size:10px\" class=\"has-custom-lineheight eplus-wrapper\">November 2022<\/p>\n\n\n\n<h3 class=\"wp-block-heading has-custom-lineheight eplus-wrapper\" style=\"line-height:1\">ViX+: The 3Pas Studios-produced series\u00a0<em>La Noche del Diablito<\/em>\u00a0has officially been renewed for a second season<\/h3>\n\n\n\n<p style=\"font-size:11px\" class=\"eplus-wrapper\">ViX+ announced that the 3Pas Studios-produced series\u00a0<em>La Noche del Diablito<\/em>\u00a0has officially been renewed for a second season. In the show, Mexican actor and comedian Mauricio Barrientos, better known as \u201cEl Diablito,\u201d and co-host Paloma Cede\u00f1o, travel around Mexico City to talk with celebrity guests about life, relationships, sex, and human connection.<\/p>\n\n\n<p class=\"eplus-wrapper eplus-styles-uid-2672fb\"><a href=\"https:\/\/www.produ.com\/english\/noticias\/vix-the-3pas-studios-produced-series-la-noche-del-diablito-has-officially-been-renewed-for-a-second-season\/\" target=\"_blank\" rel=\"noreferrer noopener\">Read more \u2192<\/a><\/p><\/div>\n\n\n\n<div class=\"is-style-default  wp-block-column eplus-wrapper is-layout-flow wp-block-column-is-layout-flow\" style=\"border-style:none;border-width:0px;padding-top:0;padding-right:0;padding-bottom:0;padding-left:0\">\n<figure class=\"wp-block-image size-full eplus-wrapper\"><img loading=\"lazy\" decoding=\"async\" width=\"1448\" height=\"814\" src=\"https:\/\/visceral.pro\/wp-content\/uploads\/2024\/06\/image-11-edited.png\" alt=\"\" class=\"wp-image-222\" srcset=\"https:\/\/visceral.pro\/wp-content\/uploads\/2024\/06\/image-11-edited.png 1448w, https:\/\/visceral.pro\/wp-content\/uploads\/2024\/06\/image-11-edited-300x169.png 300w, https:\/\/visceral.pro\/wp-content\/uploads\/2024\/06\/image-11-edited-1024x576.png 1024w, https:\/\/visceral.pro\/wp-content\/uploads\/2024\/06\/image-11-edited-500x281.png 500w, https:\/\/visceral.pro\/wp-content\/uploads\/2024\/06\/image-11-edited-800x450.png 800w, https:\/\/visceral.pro\/wp-content\/uploads\/2024\/06\/image-11-edited-1280x720.png 1280w, https:\/\/visceral.pro\/wp-content\/uploads\/2024\/06\/image-11-edited-18x10.png 18w\" sizes=\"auto, (max-width: 1448px) 100vw, 1448px\" \/><\/figure>\n\n\n\n<p style=\"line-height:1;font-size:10px\" class=\"has-custom-lineheight eplus-wrapper\">September 2023<\/p>\n\n\n\n<h3 class=\"wp-block-heading has-custom-lineheight eplus-wrapper\" style=\"line-height:1\">P#t@s Redes Sociales: series that reveals the human side of influencers<a href=\"https:\/\/www.produ.com\/noticias\/amazon-studios-con-seis-certificaciones-verdes-para-producciones-latinoamericanas-en-el-2022\" target=\"_blank\" rel=\"noreferrer noopener\"><\/a><\/h3>\n\n\n\n<p style=\"font-size:11px\" class=\"eplus-wrapper\">Not everything we see on social networks is real, the big message of P#t@s Redes Sociales, the new eight-episode series from Prime Video.\u00a0<\/p>\n\n\n<p class=\"eplus-wrapper eplus-styles-uid-2672fb\"><a href=\"https:\/\/www.chilango.com\/agenda\/cine-tv\/putas-redes-sociales-la-serie-influencers-amazon-prime\/amp\/\" data-type=\"link\" data-id=\"https:\/\/www.chilango.com\/agenda\/cine-tv\/putas-redes-sociales-la-serie-influencers-amazon-prime\/amp\/\" target=\"_blank\" rel=\"noreferrer noopener\">Read more \u2192<\/a><\/p><\/div>\n\n\n\n<div class=\"is-style-default  wp-block-column eplus-wrapper is-layout-flow wp-block-column-is-layout-flow\" style=\"border-style:none;border-width:0px;padding-top:0;padding-right:0;padding-bottom:0;padding-left:0\">\n<figure class=\"wp-block-image size-full eplus-wrapper\"><img loading=\"lazy\" decoding=\"async\" width=\"770\" height=\"433\" src=\"https:\/\/visceral.pro\/wp-content\/uploads\/2024\/06\/image-19-edited.png\" alt=\"\" class=\"wp-image-394\" srcset=\"https:\/\/visceral.pro\/wp-content\/uploads\/2024\/06\/image-19-edited.png 770w, https:\/\/visceral.pro\/wp-content\/uploads\/2024\/06\/image-19-edited-300x169.png 300w, https:\/\/visceral.pro\/wp-content\/uploads\/2024\/06\/image-19-edited-18x10.png 18w\" sizes=\"auto, (max-width: 770px) 100vw, 770px\" \/><\/figure>\n\n\n\n<p style=\"line-height:1;font-size:10px\" class=\"has-custom-lineheight eplus-wrapper\">September 2023<\/p>\n\n\n\n<h3 class=\"wp-block-heading has-custom-lineheight eplus-wrapper\" style=\"line-height:1\">Visceral: With everyone's contribution we will achieve a circular economy in Mexican audiovisual production.<\/h3>\n\n\n<p class=\"eplus-wrapper eplus-styles-uid-2672fb\"><a href=\"https:\/\/www.produ.com\/television\/videos\/javier-williams-y-pablo-calasso-de-visceral\/\" data-type=\"link\" data-id=\"https:\/\/www.produ.com\/television\/videos\/javier-williams-y-pablo-calasso-de-visceral\/\" target=\"_blank\" rel=\"noreferrer noopener\">Read more \u2192<\/a><\/p><\/div>\n<\/div>\n\n<div class=\"wp-block-columns eplus-wrapper is-layout-flex wp-container-core-columns-is-layout-28f84493 wp-block-columns-is-layout-flex eplus-styles-uid-b4dae3\">\n<div class=\"is-style-default  wp-block-column eplus-wrapper is-layout-flow wp-block-column-is-layout-flow\" style=\"border-style:none;border-width:0px;padding-top:0;padding-right:0;padding-bottom:0;padding-left:0\">\n<figure class=\"wp-block-image size-full eplus-wrapper\"><img loading=\"lazy\" decoding=\"async\" width=\"900\" height=\"506\" src=\"https:\/\/visceral.pro\/wp-content\/uploads\/2024\/06\/image-9.png\" alt=\"\" class=\"wp-image-216\" srcset=\"https:\/\/visceral.pro\/wp-content\/uploads\/2024\/06\/image-9.png 900w, https:\/\/visceral.pro\/wp-content\/uploads\/2024\/06\/image-9-300x169.png 300w, https:\/\/visceral.pro\/wp-content\/uploads\/2024\/06\/image-9-500x281.png 500w, https:\/\/visceral.pro\/wp-content\/uploads\/2024\/06\/image-9-800x450.png 800w, https:\/\/visceral.pro\/wp-content\/uploads\/2024\/06\/image-9-18x10.png 18w\" sizes=\"auto, (max-width: 900px) 100vw, 900px\" \/><\/figure>\n\n\n\n<p style=\"line-height:1;font-size:10px\" class=\"has-custom-lineheight eplus-wrapper\">September 2023<\/p>\n\n\n\n<h3 class=\"wp-block-heading has-custom-lineheight eplus-wrapper\" style=\"line-height:1\">P#t@s Redes Sociales - Premiere, trailer, where to watch and all about the series produced by Eugenio Derbez<\/h3>\n\n\n\n<p style=\"font-size:11px\" class=\"eplus-wrapper\">The relationship between Eugenio Derbez and Amazon continues. After their collaboration for\u00a0<em><a href=\"https:\/\/cinepremiere.com.mx\/lol-mexico-temporada-5-conoce-a-los-participantes.html\" target=\"_blank\" rel=\"noreferrer noopener\">LOL: Last One Laughing M\u00e9xico<\/a><\/em>\u00a0and\u00a0<em>De viaje con los Derbez<\/em>Eugenio will serve as executive producer of<em><em>\u00a0P#t@s Redes Sociales<\/em><\/em>a new comedy series for the platform. Here we tell you everything you need to know.<\/p>\n\n\n<p class=\"eplus-wrapper eplus-styles-uid-2672fb\"><a href=\"https:\/\/cinepremiere.com.mx\/putas-redes-sociales-serie-trailer-estreno.html\" target=\"_blank\" rel=\"noreferrer noopener\">Read more \u2192<\/a><\/p><\/div>\n\n\n\n<div class=\"is-style-default  wp-block-column eplus-wrapper is-layout-flow wp-block-column-is-layout-flow\" style=\"border-style:none;border-width:0px;padding-top:0;padding-right:0;padding-bottom:0;padding-left:0\">\n<figure class=\"wp-block-image size-full eplus-wrapper\"><img loading=\"lazy\" decoding=\"async\" width=\"750\" height=\"422\" src=\"https:\/\/visceral.pro\/wp-content\/uploads\/2024\/06\/image-8-edited.png\" alt=\"\" class=\"wp-image-215\" srcset=\"https:\/\/visceral.pro\/wp-content\/uploads\/2024\/06\/image-8-edited.png 750w, https:\/\/visceral.pro\/wp-content\/uploads\/2024\/06\/image-8-edited-300x169.png 300w, https:\/\/visceral.pro\/wp-content\/uploads\/2024\/06\/image-8-edited-500x281.png 500w, https:\/\/visceral.pro\/wp-content\/uploads\/2024\/06\/image-8-edited-18x10.png 18w\" sizes=\"auto, (max-width: 750px) 100vw, 750px\" \/><\/figure>\n\n\n\n<p style=\"line-height:1;font-size:10px\" class=\"has-custom-lineheight eplus-wrapper\">April 2023<\/p>\n\n\n\n<h3 class=\"wp-block-heading has-custom-lineheight eplus-wrapper\" style=\"line-height:1\">Amazon Studios with six green certifications for Latin American productions in 2022<\/h3>\n\n\n\n<p style=\"font-size:11px\" class=\"eplus-wrapper\">The important group of Latin American films that in 2022 obtained a\u00a0<a href=\"https:\/\/www.green4ema.org\/ema-green-seal-production\" target=\"_blank\" rel=\"noreferrer noopener\">EMA Seal<\/a>, speaks of the commitment of\u00a0<a href=\"https:\/\/www.green4ema.org\/ema-green-seal-recipients\" target=\"_blank\" rel=\"noreferrer noopener\">Amazon Studios\u00a0<\/a>with the future of the planet. This year's list includes\u00a0<em>Putas redes sociales<\/em>\u00a0(Gold Seal) and\u00a0<em><a href=\"https:\/\/www.produ.com\/noticias\/tis-primer-sello-ema-grenn-seal-en-latinoamerica\" target=\"_blank\" rel=\"noreferrer noopener\">Cochina envidia<\/a><\/em>,\u00a0<em><a href=\"https:\/\/www.produ.com\/noticias\/mexicana-visceral-ha-recibido-varios-reconocimientos-por-susostenibilidad-en-el-set\" target=\"_blank\" rel=\"noreferrer noopener\">De viaje con los Derbez<\/a><\/em>,<em>\u00a0Los Billis\u00a0<\/em>and\u00a0<em><a href=\"https:\/\/www.produ.com\/noticias\/mala-fortuna-de-dynamo-para-amazon-primera-produccion-en-mexico-en-obtener-el-ema-green-seal\" target=\"_blank\" rel=\"noreferrer noopener\">Mala fortuna<\/a><\/em>\u00a0(Green Seal).\u00a0<\/p>\n\n\n<p class=\"eplus-wrapper eplus-styles-uid-2672fb\"><a href=\"https:\/\/www.produ.com\/sostenibilidad\/noticias\/amazon-studios-con-seis-certificaciones-verdes-para-producciones-latinoamericanas-en-2022\/\">Read <\/a><a href=\"https:\/\/www.produ.com\/sostenibilidad\/noticias\/amazon-studios-con-seis-certificaciones-verdes-para-producciones-latinoamericanas-en-2022\/\" target=\"_blank\" rel=\"noreferrer noopener\">more<\/a><a href=\"https:\/\/www.produ.com\/sostenibilidad\/noticias\/amazon-studios-con-seis-certificaciones-verdes-para-producciones-latinoamericanas-en-2022\/\"> \u2192<\/a><\/p><\/div>\n\n\n\n<div class=\"is-style-default  wp-block-column eplus-wrapper is-layout-flow wp-block-column-is-layout-flow\" style=\"border-style:none;border-width:0px;padding-top:0;padding-right:0;padding-bottom:0;padding-left:0\">\n<figure class=\"wp-block-image size-full eplus-wrapper\"><img loading=\"lazy\" decoding=\"async\" width=\"750\" height=\"422\" src=\"https:\/\/visceral.pro\/wp-content\/uploads\/2024\/06\/image-7-edited.png\" alt=\"\" class=\"wp-image-213\" srcset=\"https:\/\/visceral.pro\/wp-content\/uploads\/2024\/06\/image-7-edited.png 750w, https:\/\/visceral.pro\/wp-content\/uploads\/2024\/06\/image-7-edited-300x169.png 300w, https:\/\/visceral.pro\/wp-content\/uploads\/2024\/06\/image-7-edited-500x281.png 500w, https:\/\/visceral.pro\/wp-content\/uploads\/2024\/06\/image-7-edited-18x10.png 18w\" sizes=\"auto, (max-width: 750px) 100vw, 750px\" \/><\/figure>\n\n\n\n<p style=\"line-height:1;font-size:10px\" class=\"has-custom-lineheight eplus-wrapper\">April 2023<\/p>\n\n\n\n<h3 class=\"wp-block-heading has-custom-lineheight eplus-wrapper\" style=\"line-height:1\">Mexicana Visceral, production arm of 3Pas, received several recognitions for its sustainability on set<\/h3>\n\n\n\n<p style=\"font-size:11px\" class=\"eplus-wrapper\">Visceral, the production arm of 3Pas, is one of the companies<br>pioneers in the Mexican industry in taking into account environmental care and sustainability in productions, and these generate a significant impact.<\/p>\n\n\n<p class=\"eplus-wrapper eplus-styles-uid-2672fb\"><a href=\"https:\/\/www.produ.com\/sostenibilidad\/noticias\/mexicana-visceral-brazo-de-produccion-de-3pas-recibio-varios-reconocimientos-por-su-sostenibilidad-en-el-set\/\" target=\"_blank\" rel=\"noreferrer noopener\">Read more \u2192<\/a><\/p><\/div>\n<\/div>\n\n<div class=\"wp-block-columns eplus-wrapper is-layout-flex wp-container-core-columns-is-layout-28f84493 wp-block-columns-is-layout-flex eplus-styles-uid-8f5acc\">\n<div class=\"is-style-default  wp-block-column eplus-wrapper is-layout-flow wp-block-column-is-layout-flow\" style=\"border-style:none;border-width:0px;padding-top:0;padding-right:0;padding-bottom:0;padding-left:0\">\n<figure class=\"wp-block-image size-full eplus-wrapper\"><img loading=\"lazy\" decoding=\"async\" width=\"860\" height=\"484\" src=\"https:\/\/visceral.pro\/wp-content\/uploads\/2024\/06\/image-6-edited.png\" alt=\"\" class=\"wp-image-211\" srcset=\"https:\/\/visceral.pro\/wp-content\/uploads\/2024\/06\/image-6-edited.png 860w, https:\/\/visceral.pro\/wp-content\/uploads\/2024\/06\/image-6-edited-300x169.png 300w, https:\/\/visceral.pro\/wp-content\/uploads\/2024\/06\/image-6-edited-500x281.png 500w, https:\/\/visceral.pro\/wp-content\/uploads\/2024\/06\/image-6-edited-800x450.png 800w, https:\/\/visceral.pro\/wp-content\/uploads\/2024\/06\/image-6-edited-18x10.png 18w\" sizes=\"auto, (max-width: 860px) 100vw, 860px\" \/><\/figure>\n\n\n\n<p style=\"line-height:1;font-size:10px\" class=\"has-custom-lineheight eplus-wrapper\">November 2022<\/p>\n\n\n\n<h3 class=\"wp-block-heading has-custom-lineheight eplus-wrapper\" style=\"line-height:1\">VIX+ WILL PRODUCE SECOND SEASON OF \u201cTHE NIGHT OF THE DEVIL\u201d<\/h3>\n\n\n\n<p style=\"font-size:11px\" class=\"eplus-wrapper\"><a href=\"https:\/\/www.hollywoodreporter.com\/t\/eugenio-derbez\/\">VIX+ <\/a><strong>will produce a second season of the original series \u201cLa Noche del Diablito\u201d<\/strong>. In addition, the premium streaming service announced that the production of\u00a0<a href=\"https:\/\/www.3pas-studios.com\/\" target=\"_blank\" rel=\"noreferrer noopener\">3Pas Studios<\/a>\u00a0will air the finale of its first installment on November 24. On the show, Mexican actor and comedian Mauricio Barrientos, better known as \u201cEl Diablito,\u201d and co-host Paloma Cede\u00f1o tour Mexico City to talk to celebrity guests about life, relationships, sex, and human connection. \u00a0<\/p>\n\n\n<p class=\"eplus-wrapper eplus-styles-uid-2672fb\"><a href=\"https:\/\/senalnews.com\/en\/digital\/vix-producira-segunda-temporada-de-la-noche-del-diablito-\">Read <\/a><a href=\"https:\/\/senalnews.com\/en\/digital\/vix-producira-segunda-temporada-de-la-noche-del-diablito-\" target=\"_blank\" rel=\"noreferrer noopener\">more<\/a><a href=\"https:\/\/senalnews.com\/en\/digital\/vix-producira-segunda-temporada-de-la-noche-del-diablito-\"> \u2192<\/a><\/p><\/div>\n\n\n\n<div class=\"is-style-default  wp-block-column eplus-wrapper is-layout-flow wp-block-column-is-layout-flow\" style=\"border-style:none;border-width:0px;padding-top:0;padding-right:0;padding-bottom:0;padding-left:0\">\n<figure class=\"wp-block-image size-full eplus-wrapper\"><img loading=\"lazy\" decoding=\"async\" width=\"750\" height=\"422\" src=\"https:\/\/visceral.pro\/wp-content\/uploads\/2024\/06\/image-18-edited.png\" alt=\"\" class=\"wp-image-392\" srcset=\"https:\/\/visceral.pro\/wp-content\/uploads\/2024\/06\/image-18-edited.png 750w, https:\/\/visceral.pro\/wp-content\/uploads\/2024\/06\/image-18-edited-300x169.png 300w, https:\/\/visceral.pro\/wp-content\/uploads\/2024\/06\/image-18-edited-18x10.png 18w\" sizes=\"auto, (max-width: 750px) 100vw, 750px\" \/><\/figure>\n\n\n\n<p style=\"line-height:1;font-size:10px\" class=\"has-custom-lineheight eplus-wrapper\">November 2022<\/p>\n\n\n\n<h3 class=\"wp-block-heading has-custom-lineheight eplus-wrapper\" style=\"line-height:1\">Javier Williams and Pablo Calasso from Visceral: Sustainable production in\u00a0<em>De viaje con los Derbez<\/em>\u00a0achieved a greater impact than we expected<\/h3>\n\n\n\n<p style=\"font-size:11px\" class=\"eplus-wrapper\">Javier Williams and Pablo Calasso, CEO and COO of Visceral, told PRODU that by producing Traveling with the Derbez in Jamaica applying strict sustainability and environmental care measures, they achieved a greater impact than they had imagined.<\/p>\n\n\n<p class=\"eplus-wrapper eplus-styles-uid-2672fb\"><a href=\"https:\/\/www.produ.com\/mercadeo\/noticias\/javier-williams-y-pablo-calasso-de-visceral-produccion-sostenible-en-de-viaje-con-los-derbez-tuvo-un-impacto-mayor-del-esperado\/\" data-type=\"link\" data-id=\"https:\/\/www.produ.com\/mercadeo\/noticias\/javier-williams-y-pablo-calasso-de-visceral-produccion-sostenible-en-de-viaje-con-los-derbez-tuvo-un-impacto-mayor-del-esperado\/\" target=\"_blank\" rel=\"noreferrer noopener\">Read more \u2192<\/a><\/p><\/div>\n\n\n\n<div class=\"is-style-default  wp-block-column eplus-wrapper is-layout-flow wp-block-column-is-layout-flow\" style=\"border-style:none;border-width:0px;padding-top:0;padding-right:0;padding-bottom:0;padding-left:0\">\n<figure class=\"wp-block-image size-full eplus-wrapper\"><img loading=\"lazy\" decoding=\"async\" width=\"750\" height=\"422\" src=\"https:\/\/visceral.pro\/wp-content\/uploads\/2024\/06\/image-5-edited.png\" alt=\"\" class=\"wp-image-209\" srcset=\"https:\/\/visceral.pro\/wp-content\/uploads\/2024\/06\/image-5-edited.png 750w, https:\/\/visceral.pro\/wp-content\/uploads\/2024\/06\/image-5-edited-300x169.png 300w, https:\/\/visceral.pro\/wp-content\/uploads\/2024\/06\/image-5-edited-500x281.png 500w, https:\/\/visceral.pro\/wp-content\/uploads\/2024\/06\/image-5-edited-18x10.png 18w\" sizes=\"auto, (max-width: 750px) 100vw, 750px\" \/><\/figure>\n\n\n\n<p style=\"line-height:1;font-size:10px\" class=\"has-custom-lineheight eplus-wrapper\">October 2022<\/p>\n\n\n\n<h3 class=\"wp-block-heading has-custom-lineheight eplus-wrapper\" style=\"line-height:1\">ViX+ debuts on\u00a0<em>reality<\/em>\u00a0<em>La noche del diablito<\/em>\u00a0from 3Pas Studios on Thursday the 13th<\/h3>\n\n\n\n<p style=\"font-size:11px\" class=\"eplus-wrapper\">ViX+ premieres the\u00a0<em>reality La noche del diablito<\/em>\u00a0(8\u00d730\u2019) on Thursday the 13th, which integrates the agreement of\u00a0<em>first look\u00a0<\/em>with Eugenio Derbez's 3Pas Studios and his producing partner Ben Odell.<\/p>\n\n\n<p class=\"eplus-wrapper eplus-styles-uid-2672fb\"><a href=\"https:\/\/www.produ.com\/television\/noticias\/vix-debuta-el-reality-la-noche-del-diablito-de-3pas-studios-el-jueves-13\/\" target=\"_blank\" rel=\"noreferrer noopener\">Read more \u2192<\/a><\/p><\/div>\n<\/div>\n\n<div class=\"wp-block-columns eplus-wrapper is-layout-flex wp-container-core-columns-is-layout-28f84493 wp-block-columns-is-layout-flex eplus-styles-uid-a84265\">\n<div class=\"is-style-default  wp-block-column eplus-wrapper is-layout-flow wp-block-column-is-layout-flow\" style=\"border-style:none;border-width:0px;padding-top:0;padding-right:0;padding-bottom:0;padding-left:0\">\n<figure class=\"wp-block-image size-full eplus-wrapper\"><img loading=\"lazy\" decoding=\"async\" width=\"750\" height=\"422\" src=\"https:\/\/visceral.pro\/wp-content\/uploads\/2024\/06\/image-5-edited.png\" alt=\"\" class=\"wp-image-209\" srcset=\"https:\/\/visceral.pro\/wp-content\/uploads\/2024\/06\/image-5-edited.png 750w, https:\/\/visceral.pro\/wp-content\/uploads\/2024\/06\/image-5-edited-300x169.png 300w, https:\/\/visceral.pro\/wp-content\/uploads\/2024\/06\/image-5-edited-500x281.png 500w, https:\/\/visceral.pro\/wp-content\/uploads\/2024\/06\/image-5-edited-18x10.png 18w\" sizes=\"auto, (max-width: 750px) 100vw, 750px\" \/><\/figure>\n\n\n\n<p style=\"line-height:1;font-size:10px\" class=\"has-custom-lineheight eplus-wrapper\">October 2022<\/p>\n\n\n\n<h3 class=\"wp-block-heading has-custom-lineheight eplus-wrapper\" style=\"line-height:1\">Vix+ Sets Premiere For \u2018La Noche Del Diablito\u2019 From Eugenio Derbez &amp; Ben Odell<\/h3>\n\n\n\n<p style=\"font-size:11px\" class=\"eplus-wrapper\"><strong>EXCLUSIVE:<\/strong>\u00a0<a href=\"http:\/\/deadline.com\/tag\/vix-plus\" target=\"_blank\" rel=\"noreferrer noopener\">Vix+<\/a>\u00a0has set the premiere date for the reality series\u00a0<em>La Noche Del Diablito<\/em>\u00a0for October 13.<br>The reality series is the first project from the previously announced\u00a0<a href=\"https:\/\/deadline.com\/2021\/10\/eugenio-derbez-univision-first-look-deal-streamer-1234851035\/\" target=\"_blank\" rel=\"noreferrer noopener\">first-look deal<\/a>\u00a0with\u00a0<a href=\"https:\/\/deadline.com\/tag\/3pas-studios\/\">3Pas Studios<\/a>, the entertainment company co-founded by\u00a0<a href=\"https:\/\/deadline.com\/tag\/eugenio-derbez\/\" target=\"_blank\" rel=\"noreferrer noopener\">Eugenio Derbez<\/a>\u00a0and his producing partner\u00a0<a href=\"https:\/\/deadline.com\/tag\/ben-odell\/\">Ben Odell<\/a>.\u00a0\u00a0<\/p>\n\n\n<p class=\"eplus-wrapper eplus-styles-uid-2672fb\"><a href=\"https:\/\/www.produ.com\/television\/noticias\/javier-williams-de-3pas-studios-en-produprimetime-abiertos-a-dar-servicios-de-produccion-para-todo-tipo-de-genero\/\">Read more <\/a><a href=\"https:\/\/www.produ.com\/television\/noticias\/javier-williams-de-3pas-studios-en-produprimetime-abiertos-a-dar-servicios-de-produccion-para-todo-tipo-de-genero\/\" target=\"_blank\" rel=\"noreferrer noopener\">\u2192<\/a><\/p><\/div>\n\n\n\n<div class=\"is-style-default  wp-block-column eplus-wrapper is-layout-flow wp-block-column-is-layout-flow\" style=\"border-style:none;border-width:0px;padding-top:0;padding-right:0;padding-bottom:0;padding-left:0\">\n<figure class=\"wp-block-image size-large eplus-wrapper\"><img loading=\"lazy\" decoding=\"async\" width=\"1024\" height=\"577\" src=\"https:\/\/visceral.pro\/wp-content\/uploads\/2024\/06\/image-4-1024x577.png\" alt=\"\" class=\"wp-image-207\" srcset=\"https:\/\/visceral.pro\/wp-content\/uploads\/2024\/06\/image-4-1024x577.png 1024w, https:\/\/visceral.pro\/wp-content\/uploads\/2024\/06\/image-4-300x169.png 300w, https:\/\/visceral.pro\/wp-content\/uploads\/2024\/06\/image-4-500x282.png 500w, https:\/\/visceral.pro\/wp-content\/uploads\/2024\/06\/image-4-800x451.png 800w, https:\/\/visceral.pro\/wp-content\/uploads\/2024\/06\/image-4-1280x721.png 1280w, https:\/\/visceral.pro\/wp-content\/uploads\/2024\/06\/image-4-18x10.png 18w, https:\/\/visceral.pro\/wp-content\/uploads\/2024\/06\/image-4.png 1296w\" sizes=\"auto, (max-width: 1024px) 100vw, 1024px\" \/><\/figure>\n\n\n\n<p style=\"line-height:1;font-size:10px\" class=\"has-custom-lineheight eplus-wrapper\">September 2022<\/p>\n\n\n\n<h3 class=\"wp-block-heading has-custom-lineheight eplus-wrapper\" style=\"line-height:1\">Eugenio Derbez to Topline 1930s \u2018Dracula\u2019 Comedy for Vix+<\/h3>\n\n\n\n<p style=\"font-size:11px\" class=\"eplus-wrapper\"><a href=\"https:\/\/www.hollywoodreporter.com\/t\/eugenio-derbez\/\">Eugenio Derbez<\/a>\u00a0will explore a lesser-known aspect of Hollywood history with his latest TV project.<\/p>\n\n\n<p class=\"eplus-wrapper eplus-styles-uid-2672fb\"><a href=\"https:\/\/www.hollywoodreporter.com\/tv\/tv-news\/eugenio-derbez-dracula-comedy-vix-plus-1235223441\/\" target=\"_blank\" rel=\"noreferrer noopener\">Read more \u2192<\/a><\/p><\/div>\n\n\n\n<div class=\"is-style-default  wp-block-column eplus-wrapper is-layout-flow wp-block-column-is-layout-flow\" style=\"border-style:none;border-width:0px;padding-top:0;padding-right:0;padding-bottom:0;padding-left:0\">\n<figure class=\"wp-block-image size-large eplus-wrapper\"><img loading=\"lazy\" decoding=\"async\" width=\"1080\" height=\"607\" src=\"https:\/\/visceral.pro\/wp-content\/uploads\/2024\/06\/image-3-edited.png\" alt=\"\" class=\"wp-image-206\" srcset=\"https:\/\/visceral.pro\/wp-content\/uploads\/2024\/06\/image-3-edited.png 1080w, https:\/\/visceral.pro\/wp-content\/uploads\/2024\/06\/image-3-edited-300x169.png 300w, https:\/\/visceral.pro\/wp-content\/uploads\/2024\/06\/image-3-edited-1024x576.png 1024w, https:\/\/visceral.pro\/wp-content\/uploads\/2024\/06\/image-3-edited-500x281.png 500w, https:\/\/visceral.pro\/wp-content\/uploads\/2024\/06\/image-3-edited-800x450.png 800w, https:\/\/visceral.pro\/wp-content\/uploads\/2024\/06\/image-3-edited-18x10.png 18w\" sizes=\"auto, (max-width: 1080px) 100vw, 1080px\" \/><\/figure>\n\n\n\n<p style=\"line-height:1;font-size:10px\" class=\"has-custom-lineheight eplus-wrapper\">February 2022<\/p>\n\n\n\n<h3 class=\"wp-block-heading has-custom-lineheight eplus-wrapper\" style=\"line-height:1\">Javier Williams from 3Pas Studios at #PRODUprimetime: Open to providing production services for all types of genres<\/h3>\n\n\n\n<p style=\"font-size:11px\" class=\"eplus-wrapper\">Javier Williams, Senior VP of Spanish Content at 3Pas Studios and CEO of Visceral, was with R\u00edchard Izarra at\u00a0<a href=\"https:\/\/www.produ.com\/videos\/en-vivo\/produprimetime-con-javier-williams-de-3pas-studios-y-visceral\" target=\"_blank\" rel=\"noreferrer noopener\">#PRODUprimetime<\/a>. The Mexican producer with 30 years of experience, of which he spent 28 on Televisa, has made all types of genres, series,\u00a0<em>unscripted<\/em>, contests, children's programming, many concerts, and live events.<\/p>\n\n\n<p class=\"eplus-wrapper eplus-styles-uid-2672fb\"><a href=\"https:\/\/www.produ.com\/television\/noticias\/javier-williams-de-3pas-studios-en-produprimetime-abiertos-a-dar-servicios-de-produccion-para-todo-tipo-de-genero\/\">Read <\/a><a href=\"https:\/\/www.produ.com\/television\/noticias\/javier-williams-de-3pas-studios-en-produprimetime-abiertos-a-dar-servicios-de-produccion-para-todo-tipo-de-genero\/\" target=\"_blank\" rel=\"noreferrer noopener\">more<\/a><a href=\"https:\/\/www.produ.com\/television\/noticias\/javier-williams-de-3pas-studios-en-produprimetime-abiertos-a-dar-servicios-de-produccion-para-todo-tipo-de-genero\/\"> \u2192<\/a><\/p><\/div>\n<\/div>\n\n<div class=\"wp-block-columns eplus-wrapper is-layout-flex wp-container-core-columns-is-layout-28f84493 wp-block-columns-is-layout-flex eplus-styles-uid-7c90d5\">\n<div class=\"is-style-default  wp-block-column eplus-wrapper is-layout-flow wp-block-column-is-layout-flow\" style=\"border-style:none;border-width:0px;padding-top:0;padding-right:0;padding-bottom:0;padding-left:0\">\n<figure class=\"wp-block-image size-full is-resized eplus-wrapper\"><img loading=\"lazy\" decoding=\"async\" width=\"1000\" height=\"563\" src=\"https:\/\/visceral.pro\/wp-content\/uploads\/2024\/06\/image-2.png\" alt=\"\" class=\"wp-image-203\" style=\"width:368px;height:auto\" srcset=\"https:\/\/visceral.pro\/wp-content\/uploads\/2024\/06\/image-2.png 1000w, https:\/\/visceral.pro\/wp-content\/uploads\/2024\/06\/image-2-300x169.png 300w, https:\/\/visceral.pro\/wp-content\/uploads\/2024\/06\/image-2-500x282.png 500w, https:\/\/visceral.pro\/wp-content\/uploads\/2024\/06\/image-2-800x450.png 800w, https:\/\/visceral.pro\/wp-content\/uploads\/2024\/06\/image-2-18x10.png 18w\" sizes=\"auto, (max-width: 1000px) 100vw, 1000px\" \/><\/figure>\n\n\n\n<p style=\"line-height:1;font-size:10px\" class=\"has-custom-lineheight eplus-wrapper\">December 2021<\/p>\n\n\n\n<h3 class=\"wp-block-heading has-custom-lineheight eplus-wrapper\" style=\"line-height:1\">Amazon Prime Video to Bow Juanpa Zurita Docu \u201913:14,\u2019 Produced by Eugenio Derbez\u2019s 3Pas Studios (EXCLUSIVE)<\/h3>\n\n\n\n<p style=\"font-size:11px\" class=\"eplus-wrapper\"><a href=\"https:\/\/variety.com\/t\/amazon-prime-video\/\">Amazon Prime Video<\/a>\u00a0is bowing a new Amazon Original feature-length documentary, \u201c13:14,\u201d produced by\u00a0<a href=\"https:\/\/variety.com\/t\/eugenio-derbez\/\">Eugenio Derbez<\/a>\u00a0and Ben Odell\u2019s 3Pas Studios. The doc, starring content creator and actor Juanpa Zurita, will debut exclusively on APV next year where it will be available in 240 countries and territories worldwide.<\/p>\n\n\n<p class=\"eplus-wrapper eplus-styles-uid-2672fb\"><a href=\"https:\/\/variety.com\/2021\/film\/festivals\/eugenio-derbez-1314-amazon-prime-video-1235122832\/\" target=\"_blank\" rel=\"noreferrer noopener\">Read more \u2192<\/a><\/p><\/div>\n\n\n\n<div class=\"is-style-default  wp-block-column eplus-wrapper is-layout-flow wp-block-column-is-layout-flow\" style=\"border-style:none;border-width:0px;padding-top:0;padding-right:0;padding-bottom:0;padding-left:0\">\n<figure class=\"wp-block-image size-full eplus-wrapper\"><img loading=\"lazy\" decoding=\"async\" width=\"750\" height=\"422\" src=\"https:\/\/visceral.pro\/wp-content\/uploads\/2024\/06\/image-edited.png\" alt=\"\" class=\"wp-image-204\" srcset=\"https:\/\/visceral.pro\/wp-content\/uploads\/2024\/06\/image-edited.png 750w, https:\/\/visceral.pro\/wp-content\/uploads\/2024\/06\/image-edited-300x169.png 300w, https:\/\/visceral.pro\/wp-content\/uploads\/2024\/06\/image-edited-500x281.png 500w, https:\/\/visceral.pro\/wp-content\/uploads\/2024\/06\/image-edited-18x10.png 18w\" sizes=\"auto, (max-width: 750px) 100vw, 750px\" \/><\/figure>\n\n\n\n<p style=\"line-height:1;font-size:10px\" class=\"has-custom-lineheight eplus-wrapper\">March 2020<\/p>\n\n\n\n<h3 class=\"wp-block-heading has-custom-lineheight eplus-wrapper\" style=\"line-height:1\">New production company Visceral, arm of 3Pas in Mexico, starts with several projects in development<\/h3>\n\n\n\n<p style=\"font-size:11px\" class=\"eplus-wrapper\">3Pas (\u201cguts\u201d) Studios, the production company of Eugenio Derbez and Ben Odell based in Los Angeles, closed an alliance with Javier Williams (ex-Televisa) and with the producer and director Pablo Calasso, to produce content in Spanish for the Latin market and Mexico, through Visceral.<\/p>\n\n\n<p class=\"eplus-wrapper eplus-styles-uid-2672fb\"><a href=\"https:\/\/www.produ.com\/paises\/noticias\/nueva-productora-visceral-brazo-de-3pas-en-mexico-arranca-con-varios-proyectos-en-desarrollo\/\" target=\"_blank\" rel=\"noreferrer noopener\">Read more \u2192<\/a><\/p><\/div>\n\n\n\n<div class=\"is-style-default  wp-block-column eplus-wrapper is-layout-flow wp-block-column-is-layout-flow\" style=\"border-style:none;border-width:0px;padding-top:0;padding-right:0;padding-bottom:0;padding-left:0\"><\/div>\n<\/div><\/div>\n<\/div>\n\n\n\n<div style=\"height:24px\" aria-hidden=\"true\" class=\"wp-block-spacer eplus-wrapper\"><\/div>","protected":false},"excerpt":{"rendered":"<p>Enero 2026 Visceral: cuando la \u00e9tica se convierte en una ventaja competitiva en la producci\u00f3n audiovisual Leer m\u00e1s \u2192 Diciembre 2025 De Viaje con Los Derbez Jap\u00f3n, nominada a un premio Rose d&#8217;Or Latino Leer m\u00e1s \u2192 Septiembre 2025 Y Llegaron de Noche nominada al EMMY\u00ae Internacional 2025 Leer m\u00e1s \u2192 Septiembre 2025 Circo G\u00f3mez&nbsp;de &hellip; <\/p>\n<p class=\"link-more\"><a href=\"https:\/\/visceral.pro\/en\/noticias\/\" class=\"more-link\">Read more<span class=\"screen-reader-text\"> \u00abNOTICIAS\u00bb<\/span><\/a><\/p>","protected":false},"author":1,"featured_media":0,"parent":0,"menu_order":0,"comment_status":"closed","ping_status":"closed","template":"","meta":{"_coblocks_attr":"GeorgiaHelvetica,","_coblocks_dimensions":"","_coblocks_responsive_height":"","_coblocks_accordion_ie_support":"","editor_plus_copied_stylings":"{}","inspiro_hide_title":false,"footnotes":""},"class_list":["post-198","page","type-page","status-publish","hentry"],"rttpg_featured_image_url":null,"rttpg_author":{"display_name":"visceralpro","author_link":"https:\/\/visceral.pro\/en\/author\/visceralpro\/"},"rttpg_comment":0,"rttpg_category":null,"rttpg_excerpt":"Enero 2026 Visceral: cuando la \u00e9tica se convierte en una ventaja competitiva en la producci\u00f3n audiovisual Leer m\u00e1s \u2192 Diciembre 2025 De Viaje con Los Derbez Jap\u00f3n, nominada a un premio Rose d&#8217;Or Latino Leer m\u00e1s \u2192 Septiembre 2025 Y Llegaron de Noche nominada al EMMY\u00ae Internacional 2025 Leer m\u00e1s \u2192 Septiembre 2025 Circo G\u00f3mez&nbsp;de&hellip;","_links":{"self":[{"href":"https:\/\/visceral.pro\/en\/wp-json\/wp\/v2\/pages\/198","targetHints":{"allow":["GET"]}}],"collection":[{"href":"https:\/\/visceral.pro\/en\/wp-json\/wp\/v2\/pages"}],"about":[{"href":"https:\/\/visceral.pro\/en\/wp-json\/wp\/v2\/types\/page"}],"author":[{"embeddable":true,"href":"https:\/\/visceral.pro\/en\/wp-json\/wp\/v2\/users\/1"}],"replies":[{"embeddable":true,"href":"https:\/\/visceral.pro\/en\/wp-json\/wp\/v2\/comments?post=198"}],"version-history":[{"count":51,"href":"https:\/\/visceral.pro\/en\/wp-json\/wp\/v2\/pages\/198\/revisions"}],"predecessor-version":[{"id":1204,"href":"https:\/\/visceral.pro\/en\/wp-json\/wp\/v2\/pages\/198\/revisions\/1204"}],"wp:attachment":[{"href":"https:\/\/visceral.pro\/en\/wp-json\/wp\/v2\/media?parent=198"}],"curies":[{"name":"wp","href":"https:\/\/api.w.org\/{rel}","templated":true}]}}